{"id":1085,"date":"2026-01-26T12:34:41","date_gmt":"2026-01-26T12:34:41","guid":{"rendered":"https:\/\/buergerverein-berendsborn.de\/?page_id=1085"},"modified":"2026-01-26T12:34:41","modified_gmt":"2026-01-26T12:34:41","slug":"news-2","status":"publish","type":"page","link":"https:\/\/buergerverein-berendsborn.de\/?page_id=1085","title":{"rendered":"2025"},"content":{"rendered":"\n<p>Herzlich willkommen auf der Homepage des B\u00fcrgervereins Berendsborn Aktiv e.V. in Konz. Hier finden Sie Informationen \u00fcber unseren Verein sowie \u00fcber seine Aktivit\u00e4ten und Projekte. Viel Spa\u00df.<\/p>\n\n\n\n<p>Wenn Sie die Arbeit des B\u00fcrgervereins Berendsborn Aktiv e.V. durch Ihre Mitgliedschaft unterst\u00fctzen m\u00f6chten, finden Sie einen Mitgliedsantrag auf der Kontaktseite.<\/p>\n\n\n\n<hr class=\"wp-block-separator has-alpha-channel-opacity\"\/>\n\n\n<div class=\"wp-block-image\">\n<figure class=\"aligncenter size-full\"><img loading=\"lazy\" decoding=\"async\" width=\"722\" height=\"1024\" src=\"https:\/\/buergerverein-berendsborn.de\/wp-content\/uploads\/2025\/11\/Plakat.jpg\" alt=\"\" class=\"wp-image-1072\" srcset=\"https:\/\/buergerverein-berendsborn.de\/wp-content\/uploads\/2025\/11\/Plakat.jpg 722w, https:\/\/buergerverein-berendsborn.de\/wp-content\/uploads\/2025\/11\/Plakat-212x300.jpg 212w\" sizes=\"auto, (max-width: 722px) 100vw, 722px\" \/><\/figure>\n<\/div>\n\n\n<p><strong>Kinder singen f\u00fcr Senioren<\/strong><\/p>\n\n\n\n<figure class=\"wp-block-image size-large\"><img loading=\"lazy\" decoding=\"async\" width=\"1024\" height=\"698\" src=\"https:\/\/buergerverein-berendsborn.de\/wp-content\/uploads\/2025\/10\/Seniorenkaffee10-1-2-1024x698.jpg\" alt=\"\" class=\"wp-image-1067\" srcset=\"https:\/\/buergerverein-berendsborn.de\/wp-content\/uploads\/2025\/10\/Seniorenkaffee10-1-2-1024x698.jpg 1024w, https:\/\/buergerverein-berendsborn.de\/wp-content\/uploads\/2025\/10\/Seniorenkaffee10-1-2-300x205.jpg 300w, https:\/\/buergerverein-berendsborn.de\/wp-content\/uploads\/2025\/10\/Seniorenkaffee10-1-2-768x524.jpg 768w, https:\/\/buergerverein-berendsborn.de\/wp-content\/uploads\/2025\/10\/Seniorenkaffee10-1-2-960x655.jpg 960w, https:\/\/buergerverein-berendsborn.de\/wp-content\/uploads\/2025\/10\/Seniorenkaffee10-1-2.jpg 1500w\" sizes=\"auto, (max-width: 1024px) 100vw, 1024px\" \/><\/figure>\n\n\n\n<p>Rund 75 Kinder der KiTa \u201eHaus f\u00fcr Kinder\u201c haben die Besucherinnen und Besucher des Seniorenkaffeenachmittags des B\u00fcrgervereins Berendsborn mit ihren Ges\u00e4ngen erfreut. 24 G\u00e4ste konnte der Vereinsvorsitender Raimund Esch am Seniorennachmittag im Konzer Doktor B\u00fcrgersaal begr\u00fc\u00dfen. Die Kinder der im gleichen Haus ans\u00e4ssigen KiTa lie\u00dfen es sich nicht nehmen, die Seniorinnen und Senioren musikalisch zu begr\u00fc\u00dfen. Weiter informierte der Seniorenbeauftragte der VG Konz, Hermann Hurth, \u00fcber seine Arbeit. Mit Bingo-Spielen und gem\u00fctlichem Beisammensein klang der Nachmittag bei Kaffee und Kuchen, Wein und belegten Broten aus.<\/p>\n\n\n\n<hr class=\"wp-block-separator has-alpha-channel-opacity\"\/>\n\n\n\n<h2 class=\"wp-block-heading\">Er\u00f6ffnung des 1. Outdoor-Fitnessparcours in der Stadt Konz<\/h2>\n\n\n\n<figure class=\"wp-block-gallery has-nested-images columns-default is-cropped wp-block-gallery-1 is-layout-flex wp-block-gallery-is-layout-flex\">\n<figure class=\"wp-block-image size-large\"><img loading=\"lazy\" decoding=\"async\" width=\"1000\" height=\"750\" data-id=\"1049\" src=\"https:\/\/buergerverein-berendsborn.de\/wp-content\/uploads\/2025\/09\/IntParcourseroeffnung7.jpg\" alt=\"\" class=\"wp-image-1049\" srcset=\"https:\/\/buergerverein-berendsborn.de\/wp-content\/uploads\/2025\/09\/IntParcourseroeffnung7.jpg 1000w, https:\/\/buergerverein-berendsborn.de\/wp-content\/uploads\/2025\/09\/IntParcourseroeffnung7-300x225.jpg 300w, https:\/\/buergerverein-berendsborn.de\/wp-content\/uploads\/2025\/09\/IntParcourseroeffnung7-768x576.jpg 768w, https:\/\/buergerverein-berendsborn.de\/wp-content\/uploads\/2025\/09\/IntParcourseroeffnung7-960x720.jpg 960w\" sizes=\"auto, (max-width: 1000px) 100vw, 1000px\" \/><\/figure>\n\n\n\n<figure class=\"wp-block-image size-large\"><img loading=\"lazy\" decoding=\"async\" width=\"1000\" height=\"579\" data-id=\"1048\" src=\"https:\/\/buergerverein-berendsborn.de\/wp-content\/uploads\/2025\/09\/IntParcourseroeffnung6.jpg\" alt=\"\" class=\"wp-image-1048\" srcset=\"https:\/\/buergerverein-berendsborn.de\/wp-content\/uploads\/2025\/09\/IntParcourseroeffnung6.jpg 1000w, https:\/\/buergerverein-berendsborn.de\/wp-content\/uploads\/2025\/09\/IntParcourseroeffnung6-300x174.jpg 300w, https:\/\/buergerverein-berendsborn.de\/wp-content\/uploads\/2025\/09\/IntParcourseroeffnung6-768x445.jpg 768w, https:\/\/buergerverein-berendsborn.de\/wp-content\/uploads\/2025\/09\/IntParcourseroeffnung6-960x556.jpg 960w\" sizes=\"auto, (max-width: 1000px) 100vw, 1000px\" \/><\/figure>\n<\/figure>\n\n\n\n<p><strong>Ein Lottogewinn f\u00fcr die Stadt Konz <\/strong><\/p>\n\n\n\n<p>Als einen Lottogewinn f\u00fcr die Stadt Konz bezeichnete der 1. Beigeordnete Bernd Marx das ehrenamtliche Engagement und die Aktivit\u00e4ten des B\u00fcrgervereins Berendsborn anl\u00e4sslich der Er\u00f6ffnung des ersten Outdoor-Fitnessparcours in der Stadt. Der B\u00fcrgerverein hatte die Anlage im Park in der Kurf\u00fcrstenstra\u00dfe angelegt und damit ein weiteres Gro\u00dfprojekt im Konzer Stadtteil Berendsborn abgeschlossen. Die f\u00fcnf Fitness-Ger\u00e4te aus Edelstahl stehen entlang des Weges, der durch den kleinen Park f\u00fchrt. Zwei Schilder an den Eing\u00e4ngen weisen auf den Gymnastikparcours hin. Rund 24.000 Euro hat der Verein daf\u00fcr ausgegeben. Knapp 12.000 Euro davon werden von der EU im Rahmen des \u201eEurop\u00e4ischen Landwirtschaftsfonds f\u00fcr die Entwicklung des l\u00e4ndlichen Raums\u201c kofinanziert. Seit seiner Gr\u00fcndung im Jahr 2010 hat der Verein rund 100.000 Euro im Stadtteil Berendsborn investiert.&nbsp; Das Geld stammt aus Spenden und Mitgliedsbeitr\u00e4gen sowie den Einnahmen des Berendsbornfestes. \u201eWir investieren alles wieder in unser Viertel,\u201c sagte der stellvertretende Vereinsvorsitzende Karl-Peter Jochem. So hat der Verein neben dem Fitnessparcours einen Bolzplatz, ein Basketballfeld, eine Boulebahn und einen Ger\u00e4teunterstand errichtet sowie einen Spielplatz auf Vordermann gebracht, Aktionen der Kita und der Grundschule gef\u00f6rdert und das Umfeld des Bernhardsbrunnens neu gestaltet. Zudem l\u00e4dt der Verein die Senioren des Stadtteils regelm\u00e4\u00dfig zu Kaffeenachmittagen ein und verteilt am Gl\u00fchweinfest Geschenke an die Kinder.<\/p>\n\n\n\n<figure class=\"wp-block-gallery has-nested-images columns-default is-cropped wp-block-gallery-2 is-layout-flex wp-block-gallery-is-layout-flex\">\n<figure class=\"wp-block-image size-large\"><img loading=\"lazy\" decoding=\"async\" width=\"1000\" height=\"750\" data-id=\"1052\" src=\"https:\/\/buergerverein-berendsborn.de\/wp-content\/uploads\/2025\/09\/IntParcourseroeffnung2.jpg\" alt=\"\" class=\"wp-image-1052\" srcset=\"https:\/\/buergerverein-berendsborn.de\/wp-content\/uploads\/2025\/09\/IntParcourseroeffnung2.jpg 1000w, https:\/\/buergerverein-berendsborn.de\/wp-content\/uploads\/2025\/09\/IntParcourseroeffnung2-300x225.jpg 300w, https:\/\/buergerverein-berendsborn.de\/wp-content\/uploads\/2025\/09\/IntParcourseroeffnung2-768x576.jpg 768w, https:\/\/buergerverein-berendsborn.de\/wp-content\/uploads\/2025\/09\/IntParcourseroeffnung2-960x720.jpg 960w\" sizes=\"auto, (max-width: 1000px) 100vw, 1000px\" \/><\/figure>\n\n\n\n<figure class=\"wp-block-image size-large\"><img loading=\"lazy\" decoding=\"async\" width=\"1000\" height=\"750\" data-id=\"1055\" src=\"https:\/\/buergerverein-berendsborn.de\/wp-content\/uploads\/2025\/09\/IntParcourseroeffnung3.jpg\" alt=\"\" class=\"wp-image-1055\" srcset=\"https:\/\/buergerverein-berendsborn.de\/wp-content\/uploads\/2025\/09\/IntParcourseroeffnung3.jpg 1000w, https:\/\/buergerverein-berendsborn.de\/wp-content\/uploads\/2025\/09\/IntParcourseroeffnung3-300x225.jpg 300w, https:\/\/buergerverein-berendsborn.de\/wp-content\/uploads\/2025\/09\/IntParcourseroeffnung3-768x576.jpg 768w, https:\/\/buergerverein-berendsborn.de\/wp-content\/uploads\/2025\/09\/IntParcourseroeffnung3-960x720.jpg 960w\" sizes=\"auto, (max-width: 1000px) 100vw, 1000px\" \/><\/figure>\n\n\n\n<figure class=\"wp-block-image size-large\"><img loading=\"lazy\" decoding=\"async\" width=\"1000\" height=\"855\" data-id=\"1054\" src=\"https:\/\/buergerverein-berendsborn.de\/wp-content\/uploads\/2025\/09\/IntParcourseroeffnung4.jpg\" alt=\"\" class=\"wp-image-1054\" srcset=\"https:\/\/buergerverein-berendsborn.de\/wp-content\/uploads\/2025\/09\/IntParcourseroeffnung4.jpg 1000w, https:\/\/buergerverein-berendsborn.de\/wp-content\/uploads\/2025\/09\/IntParcourseroeffnung4-300x257.jpg 300w, https:\/\/buergerverein-berendsborn.de\/wp-content\/uploads\/2025\/09\/IntParcourseroeffnung4-768x657.jpg 768w, https:\/\/buergerverein-berendsborn.de\/wp-content\/uploads\/2025\/09\/IntParcourseroeffnung4-960x821.jpg 960w\" sizes=\"auto, (max-width: 1000px) 100vw, 1000px\" \/><\/figure>\n<\/figure>\n\n\n\n<figure class=\"wp-block-gallery has-nested-images columns-default is-cropped wp-block-gallery-3 is-layout-flex wp-block-gallery-is-layout-flex\">\n<figure class=\"wp-block-image size-large\"><img loading=\"lazy\" decoding=\"async\" width=\"768\" height=\"1024\" data-id=\"1059\" src=\"https:\/\/buergerverein-berendsborn.de\/wp-content\/uploads\/2025\/09\/IMG-20250828-WA0025-768x1024.jpg\" alt=\"\" class=\"wp-image-1059\" srcset=\"https:\/\/buergerverein-berendsborn.de\/wp-content\/uploads\/2025\/09\/IMG-20250828-WA0025-768x1024.jpg 768w, https:\/\/buergerverein-berendsborn.de\/wp-content\/uploads\/2025\/09\/IMG-20250828-WA0025-225x300.jpg 225w, https:\/\/buergerverein-berendsborn.de\/wp-content\/uploads\/2025\/09\/IMG-20250828-WA0025-1152x1536.jpg 1152w, https:\/\/buergerverein-berendsborn.de\/wp-content\/uploads\/2025\/09\/IMG-20250828-WA0025-960x1280.jpg 960w, https:\/\/buergerverein-berendsborn.de\/wp-content\/uploads\/2025\/09\/IMG-20250828-WA0025.jpg 1200w\" sizes=\"auto, (max-width: 768px) 100vw, 768px\" \/><\/figure>\n\n\n\n<figure class=\"wp-block-image size-large\"><img loading=\"lazy\" decoding=\"async\" width=\"768\" height=\"1024\" data-id=\"1060\" src=\"https:\/\/buergerverein-berendsborn.de\/wp-content\/uploads\/2025\/09\/IMG-20250828-WA0028-768x1024.jpg\" alt=\"\" class=\"wp-image-1060\" srcset=\"https:\/\/buergerverein-berendsborn.de\/wp-content\/uploads\/2025\/09\/IMG-20250828-WA0028-768x1024.jpg 768w, https:\/\/buergerverein-berendsborn.de\/wp-content\/uploads\/2025\/09\/IMG-20250828-WA0028-225x300.jpg 225w, https:\/\/buergerverein-berendsborn.de\/wp-content\/uploads\/2025\/09\/IMG-20250828-WA0028-1152x1536.jpg 1152w, https:\/\/buergerverein-berendsborn.de\/wp-content\/uploads\/2025\/09\/IMG-20250828-WA0028-960x1280.jpg 960w, https:\/\/buergerverein-berendsborn.de\/wp-content\/uploads\/2025\/09\/IMG-20250828-WA0028.jpg 1200w\" sizes=\"auto, (max-width: 768px) 100vw, 768px\" \/><\/figure>\n\n\n\n<figure class=\"wp-block-image size-large\"><img loading=\"lazy\" decoding=\"async\" width=\"712\" height=\"1000\" data-id=\"1061\" src=\"https:\/\/buergerverein-berendsborn.de\/wp-content\/uploads\/2025\/09\/IntParcourseroeffnung8-1.jpg\" alt=\"\" class=\"wp-image-1061\" srcset=\"https:\/\/buergerverein-berendsborn.de\/wp-content\/uploads\/2025\/09\/IntParcourseroeffnung8-1.jpg 712w, https:\/\/buergerverein-berendsborn.de\/wp-content\/uploads\/2025\/09\/IntParcourseroeffnung8-1-214x300.jpg 214w\" sizes=\"auto, (max-width: 712px) 100vw, 712px\" \/><\/figure>\n<\/figure>\n\n\n\n<figure class=\"wp-block-gallery has-nested-images columns-default is-cropped wp-block-gallery-4 is-layout-flex wp-block-gallery-is-layout-flex\">\n<figure class=\"wp-block-image size-large\"><img loading=\"lazy\" decoding=\"async\" width=\"1000\" height=\"674\" data-id=\"1056\" src=\"https:\/\/buergerverein-berendsborn.de\/wp-content\/uploads\/2025\/09\/IntParcourseroeffnung5-2.jpg\" alt=\"\" class=\"wp-image-1056\" srcset=\"https:\/\/buergerverein-berendsborn.de\/wp-content\/uploads\/2025\/09\/IntParcourseroeffnung5-2.jpg 1000w, https:\/\/buergerverein-berendsborn.de\/wp-content\/uploads\/2025\/09\/IntParcourseroeffnung5-2-300x202.jpg 300w, https:\/\/buergerverein-berendsborn.de\/wp-content\/uploads\/2025\/09\/IntParcourseroeffnung5-2-768x518.jpg 768w, https:\/\/buergerverein-berendsborn.de\/wp-content\/uploads\/2025\/09\/IntParcourseroeffnung5-2-960x647.jpg 960w\" sizes=\"auto, (max-width: 1000px) 100vw, 1000px\" \/><\/figure>\n\n\n\n<figure class=\"wp-block-image size-large\"><img loading=\"lazy\" decoding=\"async\" width=\"1000\" height=\"579\" data-id=\"1057\" src=\"https:\/\/buergerverein-berendsborn.de\/wp-content\/uploads\/2025\/09\/IntParcourseroeffnung6-1.jpg\" alt=\"\" class=\"wp-image-1057\" srcset=\"https:\/\/buergerverein-berendsborn.de\/wp-content\/uploads\/2025\/09\/IntParcourseroeffnung6-1.jpg 1000w, https:\/\/buergerverein-berendsborn.de\/wp-content\/uploads\/2025\/09\/IntParcourseroeffnung6-1-300x174.jpg 300w, https:\/\/buergerverein-berendsborn.de\/wp-content\/uploads\/2025\/09\/IntParcourseroeffnung6-1-768x445.jpg 768w, https:\/\/buergerverein-berendsborn.de\/wp-content\/uploads\/2025\/09\/IntParcourseroeffnung6-1-960x556.jpg 960w\" sizes=\"auto, (max-width: 1000px) 100vw, 1000px\" \/><\/figure>\n\n\n\n<figure class=\"wp-block-image size-large\"><img loading=\"lazy\" decoding=\"async\" width=\"1000\" height=\"529\" data-id=\"1058\" src=\"https:\/\/buergerverein-berendsborn.de\/wp-content\/uploads\/2025\/09\/IntParcourseroeffnung9-1.jpg\" alt=\"\" class=\"wp-image-1058\" srcset=\"https:\/\/buergerverein-berendsborn.de\/wp-content\/uploads\/2025\/09\/IntParcourseroeffnung9-1.jpg 1000w, https:\/\/buergerverein-berendsborn.de\/wp-content\/uploads\/2025\/09\/IntParcourseroeffnung9-1-300x159.jpg 300w, https:\/\/buergerverein-berendsborn.de\/wp-content\/uploads\/2025\/09\/IntParcourseroeffnung9-1-768x406.jpg 768w, https:\/\/buergerverein-berendsborn.de\/wp-content\/uploads\/2025\/09\/IntParcourseroeffnung9-1-960x508.jpg 960w\" sizes=\"auto, (max-width: 1000px) 100vw, 1000px\" \/><\/figure>\n<\/figure>\n\n\n\n<hr class=\"wp-block-separator has-alpha-channel-opacity\"\/>\n\n\n\n<div class=\"wp-block-media-text has-media-on-the-right is-stacked-on-mobile is-vertically-aligned-center\"><div class=\"wp-block-media-text__content\">\n<p>Gro\u00dfe Freude bei den Kindern der KiTa Arche Noah. Der B\u00fcrgerverein hat ein neues \"Kindertaxi\" gespendet.<\/p>\n<\/div><figure class=\"wp-block-media-text__media\"><img loading=\"lazy\" decoding=\"async\" width=\"1024\" height=\"692\" src=\"https:\/\/buergerverein-berendsborn.de\/wp-content\/uploads\/2025\/08\/KiTa-Arche-Noah-Foto-Taxi-1-1024x692.jpg\" alt=\"\" class=\"wp-image-1042 size-full\" srcset=\"https:\/\/buergerverein-berendsborn.de\/wp-content\/uploads\/2025\/08\/KiTa-Arche-Noah-Foto-Taxi-1-1024x692.jpg 1024w, https:\/\/buergerverein-berendsborn.de\/wp-content\/uploads\/2025\/08\/KiTa-Arche-Noah-Foto-Taxi-1-300x203.jpg 300w, https:\/\/buergerverein-berendsborn.de\/wp-content\/uploads\/2025\/08\/KiTa-Arche-Noah-Foto-Taxi-1-768x519.jpg 768w, https:\/\/buergerverein-berendsborn.de\/wp-content\/uploads\/2025\/08\/KiTa-Arche-Noah-Foto-Taxi-1-960x649.jpg 960w, https:\/\/buergerverein-berendsborn.de\/wp-content\/uploads\/2025\/08\/KiTa-Arche-Noah-Foto-Taxi-1.jpg 1500w\" sizes=\"auto, (max-width: 1024px) 100vw, 1024px\" \/><\/figure><\/div>\n\n\n\n<hr class=\"wp-block-separator has-alpha-channel-opacity\"\/>\n\n\n\n<div class=\"wp-block-media-text is-stacked-on-mobile\"><figure class=\"wp-block-media-text__media\"><img loading=\"lazy\" decoding=\"async\" width=\"768\" height=\"1024\" src=\"https:\/\/buergerverein-berendsborn.de\/wp-content\/uploads\/2025\/08\/TG-Konz-768x1024.jpg\" alt=\"\" class=\"wp-image-1034 size-full\" srcset=\"https:\/\/buergerverein-berendsborn.de\/wp-content\/uploads\/2025\/08\/TG-Konz-768x1024.jpg 768w, https:\/\/buergerverein-berendsborn.de\/wp-content\/uploads\/2025\/08\/TG-Konz-225x300.jpg 225w, https:\/\/buergerverein-berendsborn.de\/wp-content\/uploads\/2025\/08\/TG-Konz-1152x1536.jpg 1152w, https:\/\/buergerverein-berendsborn.de\/wp-content\/uploads\/2025\/08\/TG-Konz-960x1280.jpg 960w, https:\/\/buergerverein-berendsborn.de\/wp-content\/uploads\/2025\/08\/TG-Konz.jpg 1200w\" sizes=\"auto, (max-width: 768px) 100vw, 768px\" \/><\/figure><div class=\"wp-block-media-text__content\">\n<p>Herzlichen Gl\u00fcckwunsch zum 140-j\u00e4hrigen Jubil\u00e4um der TG Konz. Vorsitzender Raimund Esch gratuliert dem TG-Vorsitzenden Pascal Glass (links) und seinem Stellvertreter Jochen Schalm.<\/p>\n<\/div><\/div>\n\n\n\n<hr class=\"wp-block-separator has-alpha-channel-opacity\"\/>\n\n\n\n<p class=\"has-text-align-center\"><strong>TERMIN!!!!!<\/strong><\/p>\n\n\n\n<p>Unser Outdoor-Fitnessparcours in der Kurf\u00fcrstenstra\u00dfe ist fertiggestellt und bereits in Betrieb. Sie alle sind herzlich eingeladen, diese in der Kernstadt Konz bisher einmalige Anlage zu nutzen.<\/p>\n\n\n\n<p>Die offizielle Er\u00f6ffnung werden wir am <strong>Mittwoch, 27. August um 18 Uhr<\/strong>&nbsp; feiern. Bei einem kleinen Umtrunk werden wir Ihnen die Ger\u00e4te vorstellen. Sport\u00fcbungsleiter werden die \u00dcbungen erl\u00e4utern.<\/p>\n\n\n\n<p>Ich m\u00f6chte Sie jetzt schon herzlich zu diesem Termin einladen.<\/p>\n\n\n\n<hr class=\"wp-block-separator has-alpha-channel-opacity\"\/>\n\n\n\n<h2 class=\"wp-block-heading\">B\u00fcrgerverein stellt Outdoor-Fitnessparcours fertig<\/h2>\n\n\n<div class=\"wp-block-image\">\n<figure class=\"aligncenter size-full\"><img loading=\"lazy\" decoding=\"async\" width=\"950\" height=\"779\" src=\"https:\/\/buergerverein-berendsborn.de\/wp-content\/uploads\/2025\/05\/GymnastikparcoursInt4.jpg\" alt=\"\" class=\"wp-image-1014\" srcset=\"https:\/\/buergerverein-berendsborn.de\/wp-content\/uploads\/2025\/05\/GymnastikparcoursInt4.jpg 950w, https:\/\/buergerverein-berendsborn.de\/wp-content\/uploads\/2025\/05\/GymnastikparcoursInt4-300x246.jpg 300w, https:\/\/buergerverein-berendsborn.de\/wp-content\/uploads\/2025\/05\/GymnastikparcoursInt4-768x630.jpg 768w\" sizes=\"auto, (max-width: 950px) 100vw, 950px\" \/><\/figure>\n<\/div>\n\n\n<p>Der B\u00fcrgerverein Berendsborn hat in der Parkanlage Kurf\u00fcrstenstra\u00dfe eine Outdoor-Sportanlage mit f\u00fcnf Fitnessger\u00e4ten aufgebaut. \u201eDamit haben wir neben dem Bolzplatz und dem Basketball-Kleinspielfeld eine weitere Attraktion in diesem Bereich geschaffen und zudem den Park aufgewertet,\u201c sagt Vereinsvorsitzender Raimund Esch.<\/p>\n\n\n\n<p>Die f\u00fcnf Ger\u00e4te aus Edelstahl stehen entlang des Weges, der durch den kleinen Park f\u00fchrt. Zwei Schilder an den Eing\u00e4ngen weisen auf den Gymnastikparcours hin. Ein Rudertrainer, eine Oberk\u00f6rperpresse, eine Calisthenicsanlage, ein Liegest\u00fctztrainer und ein R\u00fcckentrainer laden zum Sport an der frischen Luft ein. Um jedes Ger\u00e4t herum ist ein gro\u00dffl\u00e4chiger Fallschutz angelegt. Auf einem Schild wird die Benutzung jedes Ger\u00e4ts erkl\u00e4rt.<\/p>\n\n\n\n<p>Zwei Jahre sind von der ersten Idee bis zur Fertigstellung der Anlage vergangen. Rund 24.000 Euro hat der Verein daf\u00fcr ausgegeben. \u201eZun\u00e4chst mussten wir einen geeigneten Platz finden, robuste Ger\u00e4te aussuchen und die Finanzierung kl\u00e4ren,\u201c sagt der stellvertretende Vereinsvorsitzende Karl-Peter Jochem. Mit der Stadt Konz war man sich schnell einig, die Ger\u00e4te in dem Park in der Kurf\u00fcrstenstra\u00dfe aufzustellen.&nbsp; Positiver Nebeneffekt: Die etwas in die Jahre gekommene Anlage ist wieder hergerichtet worden, B\u00e4ume wurden zurechtgeschnitten und der Weg erneuert.<\/p>\n\n\n\n<figure class=\"wp-block-gallery has-nested-images columns-default is-cropped wp-block-gallery-5 is-layout-flex wp-block-gallery-is-layout-flex\">\n<figure class=\"wp-block-image size-large\"><img loading=\"lazy\" decoding=\"async\" width=\"950\" height=\"713\" data-id=\"1023\" src=\"https:\/\/buergerverein-berendsborn.de\/wp-content\/uploads\/2025\/05\/GymnastikparcoursInt1-3.jpg\" alt=\"\" class=\"wp-image-1023\" srcset=\"https:\/\/buergerverein-berendsborn.de\/wp-content\/uploads\/2025\/05\/GymnastikparcoursInt1-3.jpg 950w, https:\/\/buergerverein-berendsborn.de\/wp-content\/uploads\/2025\/05\/GymnastikparcoursInt1-3-300x225.jpg 300w, https:\/\/buergerverein-berendsborn.de\/wp-content\/uploads\/2025\/05\/GymnastikparcoursInt1-3-768x576.jpg 768w\" sizes=\"auto, (max-width: 950px) 100vw, 950px\" \/><\/figure>\n\n\n\n<figure class=\"wp-block-image size-large\"><img loading=\"lazy\" decoding=\"async\" width=\"950\" height=\"713\" data-id=\"1024\" src=\"https:\/\/buergerverein-berendsborn.de\/wp-content\/uploads\/2025\/05\/GymnastikparcoursInt2-3.jpg\" alt=\"\" class=\"wp-image-1024\" srcset=\"https:\/\/buergerverein-berendsborn.de\/wp-content\/uploads\/2025\/05\/GymnastikparcoursInt2-3.jpg 950w, https:\/\/buergerverein-berendsborn.de\/wp-content\/uploads\/2025\/05\/GymnastikparcoursInt2-3-300x225.jpg 300w, https:\/\/buergerverein-berendsborn.de\/wp-content\/uploads\/2025\/05\/GymnastikparcoursInt2-3-768x576.jpg 768w\" sizes=\"auto, (max-width: 950px) 100vw, 950px\" \/><\/figure>\n<\/figure>\n\n\n\n<p>Bei der Auswahl der Ger\u00e4te legte der Vereinsvorstand Wert auf Stabilit\u00e4t, einfache Bedienung und Vandalismussicherheit. Die beschafften Ger\u00e4te aus Edelstahl sind robust, wartungsfreundlich und langlebig. Die Kosten f\u00fcr Beschaffung und Aufbau kalkulierte der Verein mit rund 24.000 Euro. Knapp 12.000 Euro davon werden von der EU im Rahmen des \u201eEurop\u00e4ischen Landwirtschaftsfonds f\u00fcr die Entwicklung des l\u00e4ndlichen Raums\u201c kofinanziert.<\/p>\n\n\n\n<p>Noch in diesem Jahr will der Verein einen Tisch mit zwei B\u00e4nken aufstellen, weitere Gymnastikger\u00e4te sind in den n\u00e4chsten Jahren geplant.<\/p>\n\n\n\n<p>\u201eWir freuen uns sehr \u00fcber den Zuschuss, der das jahrelange ehrenamtliche Engagement des B\u00fcrgervereins w\u00fcrdigt,\u201c sagt Jochem. Seit seiner Gr\u00fcndung im Jahr 2010 hat der Verein rund 100.000 Euro im Stadtteil Berendsborn investiert.&nbsp; Das Geld stammt aus Spenden und Mitgliedsbeitr\u00e4gen sowie den Einnahmen des Berendsbornfestes.<\/p>\n\n\n\n<p>\u201eWir investieren alles wieder in unser Viertel,\u201c sagt Jochem. So hat der Verein neben dem Bolzplatz und dem Basketballfeld eine Boulebahn und einen Ger\u00e4teunterstand errichtet, einen Spielplatz auf Vordermann gebracht, Aktionen der Kita und der Grundschule gef\u00f6rdert und das Umfeld des Bernhardsbrunnens neu gestaltet. Zudem l\u00e4dt der Verein die Senioren des Stadtteils regelm\u00e4\u00dfig zu Kaffeenachmittagen ein und verteilt am Gl\u00fchweinfest Geschenke an die Kinder.<\/p>\n\n\n\n<figure class=\"wp-block-gallery has-nested-images columns-default is-cropped wp-block-gallery-6 is-layout-flex wp-block-gallery-is-layout-flex\">\n<figure class=\"wp-block-image size-large\"><img loading=\"lazy\" decoding=\"async\" width=\"950\" height=\"688\" data-id=\"1027\" src=\"https:\/\/buergerverein-berendsborn.de\/wp-content\/uploads\/2025\/05\/GymnastikparcoursInt3-3.jpg\" alt=\"\" class=\"wp-image-1027\" srcset=\"https:\/\/buergerverein-berendsborn.de\/wp-content\/uploads\/2025\/05\/GymnastikparcoursInt3-3.jpg 950w, https:\/\/buergerverein-berendsborn.de\/wp-content\/uploads\/2025\/05\/GymnastikparcoursInt3-3-300x217.jpg 300w, https:\/\/buergerverein-berendsborn.de\/wp-content\/uploads\/2025\/05\/GymnastikparcoursInt3-3-768x556.jpg 768w\" sizes=\"auto, (max-width: 950px) 100vw, 950px\" \/><\/figure>\n<\/figure>\n\n\n\n<div style=\"height:100px\" aria-hidden=\"true\" class=\"wp-block-spacer\"><\/div>\n\n\n\n<p><strong>Beste Laune bei strahlendem Sonnenschein am Berendsbornfest<\/strong><\/p>\n\n\n\n<figure class=\"wp-block-gallery has-nested-images columns-default is-cropped wp-block-gallery-7 is-layout-flex wp-block-gallery-is-layout-flex\">\n<figure class=\"wp-block-image size-large\"><img loading=\"lazy\" decoding=\"async\" width=\"615\" height=\"1024\" data-id=\"1000\" src=\"https:\/\/buergerverein-berendsborn.de\/wp-content\/uploads\/2025\/05\/20250503_2_095033-615x1024.jpg\" alt=\"\" class=\"wp-image-1000\" srcset=\"https:\/\/buergerverein-berendsborn.de\/wp-content\/uploads\/2025\/05\/20250503_2_095033-615x1024.jpg 615w, https:\/\/buergerverein-berendsborn.de\/wp-content\/uploads\/2025\/05\/20250503_2_095033-180x300.jpg 180w, https:\/\/buergerverein-berendsborn.de\/wp-content\/uploads\/2025\/05\/20250503_2_095033-768x1280.jpg 768w, https:\/\/buergerverein-berendsborn.de\/wp-content\/uploads\/2025\/05\/20250503_2_095033.jpg 776w\" sizes=\"auto, (max-width: 615px) 100vw, 615px\" \/><\/figure>\n\n\n\n<figure class=\"wp-block-image size-large\"><img loading=\"lazy\" decoding=\"async\" width=\"768\" height=\"1024\" data-id=\"1001\" src=\"https:\/\/buergerverein-berendsborn.de\/wp-content\/uploads\/2025\/05\/Berendsbornfest2025-15-768x1024.jpg\" alt=\"\" class=\"wp-image-1001\" srcset=\"https:\/\/buergerverein-berendsborn.de\/wp-content\/uploads\/2025\/05\/Berendsbornfest2025-15-768x1024.jpg 768w, https:\/\/buergerverein-berendsborn.de\/wp-content\/uploads\/2025\/05\/Berendsbornfest2025-15-225x300.jpg 225w, https:\/\/buergerverein-berendsborn.de\/wp-content\/uploads\/2025\/05\/Berendsbornfest2025-15-1152x1536.jpg 1152w, https:\/\/buergerverein-berendsborn.de\/wp-content\/uploads\/2025\/05\/Berendsbornfest2025-15-960x1280.jpg 960w, https:\/\/buergerverein-berendsborn.de\/wp-content\/uploads\/2025\/05\/Berendsbornfest2025-15.jpg 1500w\" sizes=\"auto, (max-width: 768px) 100vw, 768px\" \/><\/figure>\n<\/figure>\n\n\n\n<p>Gute Unterhaltung und Live-Musik am Maibaum: das ist das Rezept des Berendsbornfestes am 30. April und 1. Mai. In diesem Jahr kam noch hochsommerliches Wetter hinzu, das die Besucher in Scharen auf den Festplatz am Brunnen des Konzer Stadtteils str\u00f6men lie\u00df. Mit der Trierer Band \u201eViezbuxen\u201c, dem Musikverein Concordia Konz und der Rock-Band \u201eRats\u201c bot der B\u00fcrgerverein Berendsborn Musik f\u00fcr jeden Geschmack an. Traditionell beteiligen sich auch Kinder der Kita Arche Noah und der Grundschule St. Nikolaus mit T\u00e4nzen und Darbietungen am Nachmittagsprogramm des 1. Mai.&nbsp; In diesem Jahr war erstmals eine Tanzformation des Gymnasiums Konz dabei, die das Publikum ebenso begeisterte.<\/p>\n\n\n\n<p>\u201eWir wollen die Menschen aus dem Stadtteil und ihre G\u00e4ste bei guter Musik, Speisen und Getr\u00e4nken auf dem Berendsbornfest zusammenbringen und unterhalten,\u201c sagt der Vorsitzende des B\u00fcrgervereins, Raimund Esch. Dies ist dem Verein auch in diesem Jahr wieder gelungen.<\/p>\n\n\n\n<figure class=\"wp-block-gallery has-nested-images columns-default is-cropped wp-block-gallery-8 is-layout-flex wp-block-gallery-is-layout-flex\">\n<figure class=\"wp-block-image size-large\"><img loading=\"lazy\" decoding=\"async\" width=\"768\" height=\"1024\" data-id=\"1002\" src=\"https:\/\/buergerverein-berendsborn.de\/wp-content\/uploads\/2025\/05\/Berendsbornfest2025-2-768x1024.jpg\" alt=\"\" class=\"wp-image-1002\" srcset=\"https:\/\/buergerverein-berendsborn.de\/wp-content\/uploads\/2025\/05\/Berendsbornfest2025-2-768x1024.jpg 768w, https:\/\/buergerverein-berendsborn.de\/wp-content\/uploads\/2025\/05\/Berendsbornfest2025-2-225x300.jpg 225w, https:\/\/buergerverein-berendsborn.de\/wp-content\/uploads\/2025\/05\/Berendsbornfest2025-2-1152x1536.jpg 1152w, https:\/\/buergerverein-berendsborn.de\/wp-content\/uploads\/2025\/05\/Berendsbornfest2025-2-960x1280.jpg 960w, https:\/\/buergerverein-berendsborn.de\/wp-content\/uploads\/2025\/05\/Berendsbornfest2025-2.jpg 1500w\" sizes=\"auto, (max-width: 768px) 100vw, 768px\" \/><\/figure>\n\n\n\n<figure class=\"wp-block-image size-large\"><img loading=\"lazy\" decoding=\"async\" width=\"1024\" height=\"768\" data-id=\"1003\" src=\"https:\/\/buergerverein-berendsborn.de\/wp-content\/uploads\/2025\/05\/Berendsbornfest2025-4-1024x768.jpg\" alt=\"\" class=\"wp-image-1003\" srcset=\"https:\/\/buergerverein-berendsborn.de\/wp-content\/uploads\/2025\/05\/Berendsbornfest2025-4-1024x768.jpg 1024w, https:\/\/buergerverein-berendsborn.de\/wp-content\/uploads\/2025\/05\/Berendsbornfest2025-4-300x225.jpg 300w, https:\/\/buergerverein-berendsborn.de\/wp-content\/uploads\/2025\/05\/Berendsbornfest2025-4-768x576.jpg 768w, https:\/\/buergerverein-berendsborn.de\/wp-content\/uploads\/2025\/05\/Berendsbornfest2025-4-1536x1152.jpg 1536w, https:\/\/buergerverein-berendsborn.de\/wp-content\/uploads\/2025\/05\/Berendsbornfest2025-4-960x720.jpg 960w, https:\/\/buergerverein-berendsborn.de\/wp-content\/uploads\/2025\/05\/Berendsbornfest2025-4.jpg 2000w\" sizes=\"auto, (max-width: 1024px) 100vw, 1024px\" \/><\/figure>\n\n\n\n<figure class=\"wp-block-image size-large\"><img loading=\"lazy\" decoding=\"async\" width=\"1024\" height=\"768\" data-id=\"1004\" src=\"https:\/\/buergerverein-berendsborn.de\/wp-content\/uploads\/2025\/05\/Berendsbornfest2025-6-1024x768.jpg\" alt=\"\" class=\"wp-image-1004\" srcset=\"https:\/\/buergerverein-berendsborn.de\/wp-content\/uploads\/2025\/05\/Berendsbornfest2025-6-1024x768.jpg 1024w, https:\/\/buergerverein-berendsborn.de\/wp-content\/uploads\/2025\/05\/Berendsbornfest2025-6-300x225.jpg 300w, https:\/\/buergerverein-berendsborn.de\/wp-content\/uploads\/2025\/05\/Berendsbornfest2025-6-768x576.jpg 768w, https:\/\/buergerverein-berendsborn.de\/wp-content\/uploads\/2025\/05\/Berendsbornfest2025-6-1536x1152.jpg 1536w, https:\/\/buergerverein-berendsborn.de\/wp-content\/uploads\/2025\/05\/Berendsbornfest2025-6-960x720.jpg 960w, https:\/\/buergerverein-berendsborn.de\/wp-content\/uploads\/2025\/05\/Berendsbornfest2025-6.jpg 2000w\" sizes=\"auto, (max-width: 1024px) 100vw, 1024px\" \/><\/figure>\n\n\n\n<figure class=\"wp-block-image size-large\"><img loading=\"lazy\" decoding=\"async\" width=\"1024\" height=\"568\" data-id=\"1005\" src=\"https:\/\/buergerverein-berendsborn.de\/wp-content\/uploads\/2025\/05\/Berendsbornfest2025-9-1024x568.jpg\" alt=\"\" class=\"wp-image-1005\" srcset=\"https:\/\/buergerverein-berendsborn.de\/wp-content\/uploads\/2025\/05\/Berendsbornfest2025-9-1024x568.jpg 1024w, https:\/\/buergerverein-berendsborn.de\/wp-content\/uploads\/2025\/05\/Berendsbornfest2025-9-300x166.jpg 300w, https:\/\/buergerverein-berendsborn.de\/wp-content\/uploads\/2025\/05\/Berendsbornfest2025-9-768x426.jpg 768w, https:\/\/buergerverein-berendsborn.de\/wp-content\/uploads\/2025\/05\/Berendsbornfest2025-9-1536x852.jpg 1536w, https:\/\/buergerverein-berendsborn.de\/wp-content\/uploads\/2025\/05\/Berendsbornfest2025-9-960x532.jpg 960w, https:\/\/buergerverein-berendsborn.de\/wp-content\/uploads\/2025\/05\/Berendsbornfest2025-9.jpg 2000w\" sizes=\"auto, (max-width: 1024px) 100vw, 1024px\" \/><\/figure>\n\n\n\n<figure class=\"wp-block-image size-large\"><img loading=\"lazy\" decoding=\"async\" width=\"714\" height=\"1024\" data-id=\"1007\" src=\"https:\/\/buergerverein-berendsborn.de\/wp-content\/uploads\/2025\/05\/Berendsbornfest2025-11-714x1024.jpg\" alt=\"\" class=\"wp-image-1007\" srcset=\"https:\/\/buergerverein-berendsborn.de\/wp-content\/uploads\/2025\/05\/Berendsbornfest2025-11-714x1024.jpg 714w, https:\/\/buergerverein-berendsborn.de\/wp-content\/uploads\/2025\/05\/Berendsbornfest2025-11-209x300.jpg 209w, https:\/\/buergerverein-berendsborn.de\/wp-content\/uploads\/2025\/05\/Berendsbornfest2025-11-768x1102.jpg 768w, https:\/\/buergerverein-berendsborn.de\/wp-content\/uploads\/2025\/05\/Berendsbornfest2025-11-1071x1536.jpg 1071w, https:\/\/buergerverein-berendsborn.de\/wp-content\/uploads\/2025\/05\/Berendsbornfest2025-11-960x1377.jpg 960w, https:\/\/buergerverein-berendsborn.de\/wp-content\/uploads\/2025\/05\/Berendsbornfest2025-11.jpg 1394w\" sizes=\"auto, (max-width: 714px) 100vw, 714px\" \/><\/figure>\n\n\n\n<figure class=\"wp-block-image size-large\"><img loading=\"lazy\" decoding=\"async\" width=\"1024\" height=\"518\" data-id=\"1006\" src=\"https:\/\/buergerverein-berendsborn.de\/wp-content\/uploads\/2025\/05\/Berendsbornfest2025-14-1024x518.jpg\" alt=\"\" class=\"wp-image-1006\" srcset=\"https:\/\/buergerverein-berendsborn.de\/wp-content\/uploads\/2025\/05\/Berendsbornfest2025-14-1024x518.jpg 1024w, https:\/\/buergerverein-berendsborn.de\/wp-content\/uploads\/2025\/05\/Berendsbornfest2025-14-300x152.jpg 300w, https:\/\/buergerverein-berendsborn.de\/wp-content\/uploads\/2025\/05\/Berendsbornfest2025-14-768x389.jpg 768w, https:\/\/buergerverein-berendsborn.de\/wp-content\/uploads\/2025\/05\/Berendsbornfest2025-14-1536x777.jpg 1536w, https:\/\/buergerverein-berendsborn.de\/wp-content\/uploads\/2025\/05\/Berendsbornfest2025-14-960x486.jpg 960w, https:\/\/buergerverein-berendsborn.de\/wp-content\/uploads\/2025\/05\/Berendsbornfest2025-14.jpg 2000w\" sizes=\"auto, (max-width: 1024px) 100vw, 1024px\" \/><\/figure>\n<\/figure>\n\n\n\n<figure class=\"wp-block-gallery has-nested-images columns-default is-cropped wp-block-gallery-9 is-layout-flex wp-block-gallery-is-layout-flex\">\n<figure class=\"wp-block-image size-large\"><img loading=\"lazy\" decoding=\"async\" width=\"1024\" height=\"610\" data-id=\"1008\" src=\"https:\/\/buergerverein-berendsborn.de\/wp-content\/uploads\/2025\/05\/Berendsbornfest2025-3-1024x610.jpg\" alt=\"\" class=\"wp-image-1008\" srcset=\"https:\/\/buergerverein-berendsborn.de\/wp-content\/uploads\/2025\/05\/Berendsbornfest2025-3-1024x610.jpg 1024w, https:\/\/buergerverein-berendsborn.de\/wp-content\/uploads\/2025\/05\/Berendsbornfest2025-3-300x179.jpg 300w, https:\/\/buergerverein-berendsborn.de\/wp-content\/uploads\/2025\/05\/Berendsbornfest2025-3-768x458.jpg 768w, https:\/\/buergerverein-berendsborn.de\/wp-content\/uploads\/2025\/05\/Berendsbornfest2025-3-1536x916.jpg 1536w, https:\/\/buergerverein-berendsborn.de\/wp-content\/uploads\/2025\/05\/Berendsbornfest2025-3-2048x1221.jpg 2048w, https:\/\/buergerverein-berendsborn.de\/wp-content\/uploads\/2025\/05\/Berendsbornfest2025-3-960x572.jpg 960w\" sizes=\"auto, (max-width: 1024px) 100vw, 1024px\" \/><\/figure>\n\n\n\n<figure class=\"wp-block-image size-large\"><img loading=\"lazy\" decoding=\"async\" width=\"1024\" height=\"518\" data-id=\"1009\" src=\"https:\/\/buergerverein-berendsborn.de\/wp-content\/uploads\/2025\/05\/Berendsbornfest2025-14-1-1024x518.jpg\" alt=\"\" class=\"wp-image-1009\" srcset=\"https:\/\/buergerverein-berendsborn.de\/wp-content\/uploads\/2025\/05\/Berendsbornfest2025-14-1-1024x518.jpg 1024w, https:\/\/buergerverein-berendsborn.de\/wp-content\/uploads\/2025\/05\/Berendsbornfest2025-14-1-300x152.jpg 300w, https:\/\/buergerverein-berendsborn.de\/wp-content\/uploads\/2025\/05\/Berendsbornfest2025-14-1-768x389.jpg 768w, https:\/\/buergerverein-berendsborn.de\/wp-content\/uploads\/2025\/05\/Berendsbornfest2025-14-1-1536x777.jpg 1536w, https:\/\/buergerverein-berendsborn.de\/wp-content\/uploads\/2025\/05\/Berendsbornfest2025-14-1-960x486.jpg 960w, https:\/\/buergerverein-berendsborn.de\/wp-content\/uploads\/2025\/05\/Berendsbornfest2025-14-1.jpg 2000w\" sizes=\"auto, (max-width: 1024px) 100vw, 1024px\" \/><\/figure>\n<\/figure>\n\n\n\n<hr class=\"wp-block-separator has-alpha-channel-opacity\"\/>\n\n\n\n<figure class=\"wp-block-image size-large\"><img loading=\"lazy\" decoding=\"async\" width=\"1024\" height=\"724\" src=\"https:\/\/buergerverein-berendsborn.de\/wp-content\/uploads\/2025\/04\/Flyer-Berendsbornfest-2025-1-1024x724.jpg\" alt=\"\" class=\"wp-image-995\" srcset=\"https:\/\/buergerverein-berendsborn.de\/wp-content\/uploads\/2025\/04\/Flyer-Berendsbornfest-2025-1-1024x724.jpg 1024w, https:\/\/buergerverein-berendsborn.de\/wp-content\/uploads\/2025\/04\/Flyer-Berendsbornfest-2025-1-300x212.jpg 300w, https:\/\/buergerverein-berendsborn.de\/wp-content\/uploads\/2025\/04\/Flyer-Berendsbornfest-2025-1-768x543.jpg 768w, https:\/\/buergerverein-berendsborn.de\/wp-content\/uploads\/2025\/04\/Flyer-Berendsbornfest-2025-1-1536x1086.jpg 1536w, https:\/\/buergerverein-berendsborn.de\/wp-content\/uploads\/2025\/04\/Flyer-Berendsbornfest-2025-1-960x679.jpg 960w, https:\/\/buergerverein-berendsborn.de\/wp-content\/uploads\/2025\/04\/Flyer-Berendsbornfest-2025-1.jpg 1754w\" sizes=\"auto, (max-width: 1024px) 100vw, 1024px\" \/><\/figure>\n\n\n\n<p class=\"has-text-align-center\">F\u00fcr weitere Infos zum Berendsbornfest bitte nach unten scrollen<\/p>\n\n\n\n<figure class=\"wp-block-image size-large\"><img loading=\"lazy\" decoding=\"async\" width=\"1024\" height=\"724\" src=\"https:\/\/buergerverein-berendsborn.de\/wp-content\/uploads\/2025\/04\/Flyer-Berendsbornfest-2025-2-1024x724.jpg\" alt=\"\" class=\"wp-image-996\" srcset=\"https:\/\/buergerverein-berendsborn.de\/wp-content\/uploads\/2025\/04\/Flyer-Berendsbornfest-2025-2-1024x724.jpg 1024w, https:\/\/buergerverein-berendsborn.de\/wp-content\/uploads\/2025\/04\/Flyer-Berendsbornfest-2025-2-300x212.jpg 300w, https:\/\/buergerverein-berendsborn.de\/wp-content\/uploads\/2025\/04\/Flyer-Berendsbornfest-2025-2-768x543.jpg 768w, https:\/\/buergerverein-berendsborn.de\/wp-content\/uploads\/2025\/04\/Flyer-Berendsbornfest-2025-2-1536x1086.jpg 1536w, https:\/\/buergerverein-berendsborn.de\/wp-content\/uploads\/2025\/04\/Flyer-Berendsbornfest-2025-2-960x679.jpg 960w, https:\/\/buergerverein-berendsborn.de\/wp-content\/uploads\/2025\/04\/Flyer-Berendsbornfest-2025-2.jpg 1754w\" sizes=\"auto, (max-width: 1024px) 100vw, 1024px\" \/><\/figure>\n\n\n\n<p><strong>Das Berendsbornfest kann kommen<\/strong><\/p>\n\n\n\n<p>Die Planungen f\u00fcr das traditionelle Berendsbornfest am 320. April und 1. Mai sind abgeschlossen. \u201eWir bieten wieder an zwei Tagen beste Unterhaltung mit viel Life-Musik auf dem Festplatz am Brunnen\u201c, sagt der Vorsitzende des B\u00fcrgervereins Berendsborn Raimund Esch. Das Fest startet am Mittwoch, 30. April, um 18 Uhr, wenn die Kinder den Maibaum schm\u00fccken. Der wird anschlie\u00dfend mit tatkr\u00e4ftiger Unterst\u00fctzung der Besucher an Ort und Stelle aufgestellt. <\/p>\n\n\n\n<div class=\"wp-block-media-text is-stacked-on-mobile\"><figure class=\"wp-block-media-text__media\"><img loading=\"lazy\" decoding=\"async\" width=\"1024\" height=\"576\" src=\"https:\/\/buergerverein-berendsborn.de\/wp-content\/uploads\/2025\/04\/ViezbuxenFoto-1024x576.jpg\" alt=\"\" class=\"wp-image-993 size-full\" srcset=\"https:\/\/buergerverein-berendsborn.de\/wp-content\/uploads\/2025\/04\/ViezbuxenFoto-1024x576.jpg 1024w, https:\/\/buergerverein-berendsborn.de\/wp-content\/uploads\/2025\/04\/ViezbuxenFoto-300x169.jpg 300w, https:\/\/buergerverein-berendsborn.de\/wp-content\/uploads\/2025\/04\/ViezbuxenFoto-768x432.jpg 768w, https:\/\/buergerverein-berendsborn.de\/wp-content\/uploads\/2025\/04\/ViezbuxenFoto-1536x864.jpg 1536w, https:\/\/buergerverein-berendsborn.de\/wp-content\/uploads\/2025\/04\/ViezbuxenFoto-960x540.jpg 960w, https:\/\/buergerverein-berendsborn.de\/wp-content\/uploads\/2025\/04\/ViezbuxenFoto.jpg 1600w\" sizes=\"auto, (max-width: 1024px) 100vw, 1024px\" \/><\/figure><div class=\"wp-block-media-text__content\">\n<p>Ab 19.30 Uhr spielen die \u201eViezbuxen\u201c. Zu ihrem Repertoire z\u00e4hlen neben amerikanischem und deutschem Rock und Pop Viezgut aus den 80ern, 90ern und 2000er Jahren sowie eigene Interpretationen von HipHop oder gar Elektronikmusik-Klassikern. Alles wird unplugged zum Besten gegeben.<\/p>\n<\/div><\/div>\n\n\n\n<p>Am 1. Mai l\u00e4dt der B\u00fcrgerverein ab 10 Uhr zum Fr\u00fchschoppen auf den Festplatz ein. Ab 12.30 Uhr wird der Musikverein Concordia Konz mit seinem Fr\u00fchschoppenkonzert unterhalten. Anschlie\u00dfend geh\u00f6rt die B\u00fchne den Kindern der KiTa Arche Noah, der Grundschule St. Nikolaus und der Tanzformation der Klasse 6 D des Gymnasiums Konz, die das Publikum mit T\u00e4nzen und Ges\u00e4ngen unterhalten werden.<\/p>\n\n\n\n<div class=\"wp-block-media-text is-stacked-on-mobile\"><figure class=\"wp-block-media-text__media\"><img loading=\"lazy\" decoding=\"async\" width=\"1024\" height=\"594\" src=\"https:\/\/buergerverein-berendsborn.de\/wp-content\/uploads\/2025\/04\/therats_foto-1024x594.jpg\" alt=\"\" class=\"wp-image-994 size-full\" srcset=\"https:\/\/buergerverein-berendsborn.de\/wp-content\/uploads\/2025\/04\/therats_foto-1024x594.jpg 1024w, https:\/\/buergerverein-berendsborn.de\/wp-content\/uploads\/2025\/04\/therats_foto-300x174.jpg 300w, https:\/\/buergerverein-berendsborn.de\/wp-content\/uploads\/2025\/04\/therats_foto-768x445.jpg 768w, https:\/\/buergerverein-berendsborn.de\/wp-content\/uploads\/2025\/04\/therats_foto-1536x890.jpg 1536w, https:\/\/buergerverein-berendsborn.de\/wp-content\/uploads\/2025\/04\/therats_foto-960x557.jpg 960w, https:\/\/buergerverein-berendsborn.de\/wp-content\/uploads\/2025\/04\/therats_foto.jpg 1901w\" sizes=\"auto, (max-width: 1024px) 100vw, 1024px\" \/><\/figure><div class=\"wp-block-media-text__content\">\n<p>Ab 17 Uhr stehen die \u201eRATS\u201c auf der B\u00fchne. Bereits 2013 und 2014 hat die Trierer Formation die G\u00e4ste auf dem Berendsbornfest bestens unterhalten. Die Viererbande aus Trier freut sich schon darauf, es auf der Berendsbornb\u00fchne richtig krachen zu lassen. Denn sie werden mit dem Publikum zusammen ihr 60-j\u00e4hriges B\u00fchnenjubil\u00e4um feiern.<\/p>\n<\/div><\/div>\n\n\n\n<p>Neben dem B\u00fchnenprogramm sorgt der B\u00fcrgerverein nat\u00fcrlich auch f\u00fcr das leibliche Wohl. Pizza Helmut und H\u00f6lzemers Metzger-Imbiss bieten ihre Speisen an. Und nat\u00fcrlich servieren die Berendsborner am 1. Mai frischen, selbst gebackenen Kuchen aus heimischen K\u00fcchen. <strong>Dazu bittet der Verein um Kuchenspenden, die am 1. Mai auf dem Festplatz abgegeben werden k\u00f6nnen.<\/strong><\/p>\n\n\n\n<hr class=\"wp-block-separator has-alpha-channel-opacity\"\/>\n\n\n\n<p><strong>Polizeiexperte ber\u00e4t Berendsborner Senioren<\/strong><\/p>\n\n\n\n<figure class=\"wp-block-gallery has-nested-images columns-default is-cropped wp-block-gallery-10 is-layout-flex wp-block-gallery-is-layout-flex\">\n<figure class=\"wp-block-image size-large\"><img loading=\"lazy\" decoding=\"async\" width=\"1024\" height=\"662\" data-id=\"989\" src=\"https:\/\/buergerverein-berendsborn.de\/wp-content\/uploads\/2025\/03\/Seniorenkaffe03-3bV-1024x662.jpg\" alt=\"\" class=\"wp-image-989\" srcset=\"https:\/\/buergerverein-berendsborn.de\/wp-content\/uploads\/2025\/03\/Seniorenkaffe03-3bV-1024x662.jpg 1024w, https:\/\/buergerverein-berendsborn.de\/wp-content\/uploads\/2025\/03\/Seniorenkaffe03-3bV-300x194.jpg 300w, https:\/\/buergerverein-berendsborn.de\/wp-content\/uploads\/2025\/03\/Seniorenkaffe03-3bV-768x496.jpg 768w, https:\/\/buergerverein-berendsborn.de\/wp-content\/uploads\/2025\/03\/Seniorenkaffe03-3bV-1536x993.jpg 1536w, https:\/\/buergerverein-berendsborn.de\/wp-content\/uploads\/2025\/03\/Seniorenkaffe03-3bV-960x620.jpg 960w, https:\/\/buergerverein-berendsborn.de\/wp-content\/uploads\/2025\/03\/Seniorenkaffe03-3bV.jpg 1857w\" sizes=\"auto, (max-width: 1024px) 100vw, 1024px\" \/><\/figure>\n<\/figure>\n\n\n\n<p>Zum j\u00fcngsten Seniorenkaffeenachmittag hatte der B\u00fcrgerverein Berendsborn einen Experten des Beratungszentrums des Polizeipr\u00e4sidiums Trier eingeladen. Kriminalhauptkommissar Sascha Lerchner informierte die Seniorinnen und Senioren \u00fcber die verschiedenen Telefonbetrugsarten wie Enkeltrick, Gewinnversprechen oder falsche Polizeibeamte. Ebenso hatte der Experte Tipps zum Einbruchschutz im Gep\u00e4ck. Zahlreiche Senioren nutzten die Gelegenheit zu Nachfragen oder dem pers\u00f6nlichen Gespr\u00e4ch mit dem Polizeibeamten. Kurzweilige Unterhaltung beim anschlie\u00dfenden Bingospiel, Gesang, Kaffe, Kuchen und belegten Broten sowie Gedichtvortr\u00e4gen des Konzer Heimatforschers Rudolf Molter komplettierten den rund dreist\u00fcndigen Nachmittag.<\/p>\n\n\n\n<hr class=\"wp-block-separator has-alpha-channel-opacity\"\/>\n\n\n\n<p><strong>Vorstand zieht positive Jahresbilanz<\/strong><\/p>\n\n\n\n<p>In seiner j\u00fcngsten Mitgliederversammlung zog der Vorstand des B\u00fcrgervereins eine positive Bilanz des letzten Jahres. Das Berendsbornfest, die heimatkundliche Wanderung mit Rudolf Molter und das Gl\u00fchweinfest zogen auch im letzten Jahr Scharen von Besuchern an. \u201eAlle unsere Angebote wurden gut angenommen. Wir haben durchweg positive R\u00fcckmeldungen,\u201c sagte der Vereinsvorsitzende Raimund Esch. Lediglich bei den Seniorennachmittagen w\u00fcnscht sich der Vorstand mehr Besucher. Neben Kaffee, Kuchen und guter Unterhaltung bietet der Verein auch interessante Informationen f\u00fcr Senioren an. Beim Seniorenkaffee am kommenden Montag, 24. M\u00e4rz, wird ein Experte der Polizei \u00fcber Aspekte der Seniorensicherheit beraten. Die Planungen f\u00fcr das diesj\u00e4hrige Berendsbornfest sind abgeschlossen. Auch das Gl\u00fchweinfest ist bereits terminiert. Mit einem Outdoor-Gymnastikparcours wird der Verein in diesem Jahr ein ganz besonders Projekt fertigstellen. In einem Park in der Kurf\u00fcrstenstra\u00dfe wurden bereits f\u00fcnf Ger\u00e4te aufgebaut. Die Abschlussarbeiten sind im Gange. Im Mai soll der f\u00fcr jedermann zug\u00e4ngliche Sportparcours er\u00f6ffnet werden.<\/p>\n\n\n\n<hr class=\"wp-block-separator has-alpha-channel-opacity\"\/>\n\n\n\n<div class=\"wp-block-media-text is-stacked-on-mobile\"><figure class=\"wp-block-media-text__media\"><img loading=\"lazy\" decoding=\"async\" width=\"1024\" height=\"768\" src=\"https:\/\/buergerverein-berendsborn.de\/wp-content\/uploads\/2025\/03\/Dreck-weg-Tag2025-1-1024x768.jpg\" alt=\"\" class=\"wp-image-986 size-full\" srcset=\"https:\/\/buergerverein-berendsborn.de\/wp-content\/uploads\/2025\/03\/Dreck-weg-Tag2025-1-1024x768.jpg 1024w, https:\/\/buergerverein-berendsborn.de\/wp-content\/uploads\/2025\/03\/Dreck-weg-Tag2025-1-300x225.jpg 300w, https:\/\/buergerverein-berendsborn.de\/wp-content\/uploads\/2025\/03\/Dreck-weg-Tag2025-1-768x576.jpg 768w, https:\/\/buergerverein-berendsborn.de\/wp-content\/uploads\/2025\/03\/Dreck-weg-Tag2025-1-1536x1152.jpg 1536w, https:\/\/buergerverein-berendsborn.de\/wp-content\/uploads\/2025\/03\/Dreck-weg-Tag2025-1-960x720.jpg 960w, https:\/\/buergerverein-berendsborn.de\/wp-content\/uploads\/2025\/03\/Dreck-weg-Tag2025-1.jpg 1600w\" sizes=\"auto, (max-width: 1024px) 100vw, 1024px\" \/><\/figure><div class=\"wp-block-media-text__content\">\n<p><strong>Berendsborner r\u00e4umen ihren Stadtteil auf<\/strong><\/p>\n\n\n\n<p>Einen Vormittag lang sammelten flei\u00dfige Helfer des B\u00fcrgervereins Berendsborn M\u00fcll auf, den gedankenlose Zeitgenossen in der Natur entsorgt hatten. Vom Kinderspielzeug \u00fcber Gummistiefel bis hin zum Sandkasten trugen die Helfer mehrere Anh\u00e4ngerladungen zusammen. \u201eMan kann nur den Kopf sch\u00fctteln,\u201c sagte B\u00fcrgervereinsvorsitzender Raimund Esch beim Anblick der achtlos weggeworfenen Hinterlassenschaften.<\/p>\n<\/div><\/div>\n\n\n\n<hr class=\"wp-block-separator has-alpha-channel-opacity\"\/>\n\n\n\n<h2 class=\"wp-block-heading\">Outdoor-Gymnastikparcours in der Kurf\u00fcrstenstra\u00dfe<\/h2>\n\n\n\n<p>Bereits 2023 hatte der Vorstand die Idee, einen Outdoor-Gymnastikparcours zu errichten. Nachdem ein geeigneter Platz gefunden worden und ein Zuschuss aus dem EU Leader-Programm genehmigt worden war, konnten f\u00fcnf Ger\u00e4te angeschafft und mit dem Aufbau begonnen werden. Mittlerweile sind die Ger\u00e4te von flei\u00dfigen Helfern aufgestellt und einbetoniert worden. Die offizielle Er\u00f6ffnung der Anlage soll im Mai erfolgen.<\/p>\n\n\n\n<figure class=\"wp-block-gallery has-nested-images columns-default is-cropped wp-block-gallery-11 is-layout-flex wp-block-gallery-is-layout-flex\">\n<figure class=\"wp-block-image size-large\"><img loading=\"lazy\" decoding=\"async\" width=\"1024\" height=\"725\" data-id=\"978\" src=\"https:\/\/buergerverein-berendsborn.de\/wp-content\/uploads\/2025\/03\/Gymnasticparcours1-1024x725.jpg\" alt=\"\" class=\"wp-image-978\" srcset=\"https:\/\/buergerverein-berendsborn.de\/wp-content\/uploads\/2025\/03\/Gymnasticparcours1-1024x725.jpg 1024w, https:\/\/buergerverein-berendsborn.de\/wp-content\/uploads\/2025\/03\/Gymnasticparcours1-300x212.jpg 300w, https:\/\/buergerverein-berendsborn.de\/wp-content\/uploads\/2025\/03\/Gymnasticparcours1-768x544.jpg 768w, https:\/\/buergerverein-berendsborn.de\/wp-content\/uploads\/2025\/03\/Gymnasticparcours1-960x679.jpg 960w, https:\/\/buergerverein-berendsborn.de\/wp-content\/uploads\/2025\/03\/Gymnasticparcours1.jpg 1413w\" sizes=\"auto, (max-width: 1024px) 100vw, 1024px\" \/><\/figure>\n\n\n\n<figure class=\"wp-block-image size-large\"><img loading=\"lazy\" decoding=\"async\" width=\"1024\" height=\"751\" data-id=\"977\" src=\"https:\/\/buergerverein-berendsborn.de\/wp-content\/uploads\/2025\/03\/Gymnasticparcours2-1024x751.jpg\" alt=\"\" class=\"wp-image-977\" srcset=\"https:\/\/buergerverein-berendsborn.de\/wp-content\/uploads\/2025\/03\/Gymnasticparcours2-1024x751.jpg 1024w, https:\/\/buergerverein-berendsborn.de\/wp-content\/uploads\/2025\/03\/Gymnasticparcours2-300x220.jpg 300w, https:\/\/buergerverein-berendsborn.de\/wp-content\/uploads\/2025\/03\/Gymnasticparcours2-768x563.jpg 768w, https:\/\/buergerverein-berendsborn.de\/wp-content\/uploads\/2025\/03\/Gymnasticparcours2-960x704.jpg 960w, https:\/\/buergerverein-berendsborn.de\/wp-content\/uploads\/2025\/03\/Gymnasticparcours2.jpg 1364w\" sizes=\"auto, (max-width: 1024px) 100vw, 1024px\" \/><\/figure>\n\n\n\n<figure class=\"wp-block-image size-large\"><img loading=\"lazy\" decoding=\"async\" width=\"1024\" height=\"698\" data-id=\"979\" src=\"https:\/\/buergerverein-berendsborn.de\/wp-content\/uploads\/2025\/03\/Gymnasticparcours3-1024x698.jpg\" alt=\"\" class=\"wp-image-979\" srcset=\"https:\/\/buergerverein-berendsborn.de\/wp-content\/uploads\/2025\/03\/Gymnasticparcours3-1024x698.jpg 1024w, https:\/\/buergerverein-berendsborn.de\/wp-content\/uploads\/2025\/03\/Gymnasticparcours3-300x204.jpg 300w, https:\/\/buergerverein-berendsborn.de\/wp-content\/uploads\/2025\/03\/Gymnasticparcours3-768x523.jpg 768w, https:\/\/buergerverein-berendsborn.de\/wp-content\/uploads\/2025\/03\/Gymnasticparcours3-960x654.jpg 960w, https:\/\/buergerverein-berendsborn.de\/wp-content\/uploads\/2025\/03\/Gymnasticparcours3.jpg 1468w\" sizes=\"auto, (max-width: 1024px) 100vw, 1024px\" \/><\/figure>\n\n\n\n<figure class=\"wp-block-image size-large\"><img loading=\"lazy\" decoding=\"async\" width=\"1024\" height=\"631\" data-id=\"980\" src=\"https:\/\/buergerverein-berendsborn.de\/wp-content\/uploads\/2025\/03\/Gymnasticparcours4-1024x631.jpg\" alt=\"\" class=\"wp-image-980\" srcset=\"https:\/\/buergerverein-berendsborn.de\/wp-content\/uploads\/2025\/03\/Gymnasticparcours4-1024x631.jpg 1024w, https:\/\/buergerverein-berendsborn.de\/wp-content\/uploads\/2025\/03\/Gymnasticparcours4-300x185.jpg 300w, https:\/\/buergerverein-berendsborn.de\/wp-content\/uploads\/2025\/03\/Gymnasticparcours4-768x473.jpg 768w, https:\/\/buergerverein-berendsborn.de\/wp-content\/uploads\/2025\/03\/Gymnasticparcours4-1536x947.jpg 1536w, https:\/\/buergerverein-berendsborn.de\/wp-content\/uploads\/2025\/03\/Gymnasticparcours4-960x592.jpg 960w, https:\/\/buergerverein-berendsborn.de\/wp-content\/uploads\/2025\/03\/Gymnasticparcours4.jpg 1622w\" sizes=\"auto, (max-width: 1024px) 100vw, 1024px\" \/><\/figure>\n\n\n\n<figure class=\"wp-block-image size-large\"><img loading=\"lazy\" decoding=\"async\" width=\"1024\" height=\"983\" data-id=\"974\" src=\"https:\/\/buergerverein-berendsborn.de\/wp-content\/uploads\/2025\/03\/Gymnasticparcours5-1024x983.jpg\" alt=\"\" class=\"wp-image-974\" srcset=\"https:\/\/buergerverein-berendsborn.de\/wp-content\/uploads\/2025\/03\/Gymnasticparcours5-1024x983.jpg 1024w, https:\/\/buergerverein-berendsborn.de\/wp-content\/uploads\/2025\/03\/Gymnasticparcours5-300x288.jpg 300w, https:\/\/buergerverein-berendsborn.de\/wp-content\/uploads\/2025\/03\/Gymnasticparcours5-768x737.jpg 768w, https:\/\/buergerverein-berendsborn.de\/wp-content\/uploads\/2025\/03\/Gymnasticparcours5-960x921.jpg 960w, https:\/\/buergerverein-berendsborn.de\/wp-content\/uploads\/2025\/03\/Gymnasticparcours5.jpg 1042w\" sizes=\"auto, (max-width: 1024px) 100vw, 1024px\" \/><\/figure>\n\n\n\n<figure class=\"wp-block-image size-large\"><img loading=\"lazy\" decoding=\"async\" width=\"1024\" height=\"976\" data-id=\"975\" src=\"https:\/\/buergerverein-berendsborn.de\/wp-content\/uploads\/2025\/03\/Gymnasticparcours6-1024x976.jpg\" alt=\"\" class=\"wp-image-975\" srcset=\"https:\/\/buergerverein-berendsborn.de\/wp-content\/uploads\/2025\/03\/Gymnasticparcours6-1024x976.jpg 1024w, https:\/\/buergerverein-berendsborn.de\/wp-content\/uploads\/2025\/03\/Gymnasticparcours6-300x286.jpg 300w, https:\/\/buergerverein-berendsborn.de\/wp-content\/uploads\/2025\/03\/Gymnasticparcours6-768x732.jpg 768w, https:\/\/buergerverein-berendsborn.de\/wp-content\/uploads\/2025\/03\/Gymnasticparcours6-960x915.jpg 960w, https:\/\/buergerverein-berendsborn.de\/wp-content\/uploads\/2025\/03\/Gymnasticparcours6.jpg 1049w\" sizes=\"auto, (max-width: 1024px) 100vw, 1024px\" \/><\/figure>\n\n\n\n<figure class=\"wp-block-image size-large\"><img loading=\"lazy\" decoding=\"async\" width=\"1024\" height=\"799\" data-id=\"976\" src=\"https:\/\/buergerverein-berendsborn.de\/wp-content\/uploads\/2025\/03\/Gymnasticparcours7-1024x799.jpg\" alt=\"\" class=\"wp-image-976\" srcset=\"https:\/\/buergerverein-berendsborn.de\/wp-content\/uploads\/2025\/03\/Gymnasticparcours7-1024x799.jpg 1024w, https:\/\/buergerverein-berendsborn.de\/wp-content\/uploads\/2025\/03\/Gymnasticparcours7-300x234.jpg 300w, https:\/\/buergerverein-berendsborn.de\/wp-content\/uploads\/2025\/03\/Gymnasticparcours7-768x600.jpg 768w, https:\/\/buergerverein-berendsborn.de\/wp-content\/uploads\/2025\/03\/Gymnasticparcours7-960x749.jpg 960w, https:\/\/buergerverein-berendsborn.de\/wp-content\/uploads\/2025\/03\/Gymnasticparcours7.jpg 1281w\" sizes=\"auto, (max-width: 1024px) 100vw, 1024px\" \/><\/figure>\n\n\n\n<figure class=\"wp-block-image size-large\"><img loading=\"lazy\" decoding=\"async\" width=\"1024\" height=\"881\" data-id=\"973\" src=\"https:\/\/buergerverein-berendsborn.de\/wp-content\/uploads\/2025\/03\/Gymnasticparcours10-1024x881.jpg\" alt=\"\" class=\"wp-image-973\" srcset=\"https:\/\/buergerverein-berendsborn.de\/wp-content\/uploads\/2025\/03\/Gymnasticparcours10-1024x881.jpg 1024w, https:\/\/buergerverein-berendsborn.de\/wp-content\/uploads\/2025\/03\/Gymnasticparcours10-300x258.jpg 300w, https:\/\/buergerverein-berendsborn.de\/wp-content\/uploads\/2025\/03\/Gymnasticparcours10-768x661.jpg 768w, https:\/\/buergerverein-berendsborn.de\/wp-content\/uploads\/2025\/03\/Gymnasticparcours10-960x826.jpg 960w, https:\/\/buergerverein-berendsborn.de\/wp-content\/uploads\/2025\/03\/Gymnasticparcours10.jpg 1044w\" sizes=\"auto, (max-width: 1024px) 100vw, 1024px\" \/><\/figure>\n<\/figure>\n\n\n\n<div style=\"height:100px\" aria-hidden=\"true\" class=\"wp-block-spacer\"><\/div>\n\n\n\n<hr class=\"wp-block-separator has-alpha-channel-opacity\"\/>\n\n\n<div class=\"wp-block-image\">\n<figure class=\"aligncenter size-large\"><img loading=\"lazy\" decoding=\"async\" width=\"1024\" height=\"595\" src=\"https:\/\/buergerverein-berendsborn.de\/wp-content\/uploads\/2025\/01\/Boulebahn-BankbV-1024x595.jpg\" alt=\"\" class=\"wp-image-968\" srcset=\"https:\/\/buergerverein-berendsborn.de\/wp-content\/uploads\/2025\/01\/Boulebahn-BankbV-1024x595.jpg 1024w, https:\/\/buergerverein-berendsborn.de\/wp-content\/uploads\/2025\/01\/Boulebahn-BankbV-300x174.jpg 300w, https:\/\/buergerverein-berendsborn.de\/wp-content\/uploads\/2025\/01\/Boulebahn-BankbV-768x446.jpg 768w, https:\/\/buergerverein-berendsborn.de\/wp-content\/uploads\/2025\/01\/Boulebahn-BankbV-960x557.jpg 960w, https:\/\/buergerverein-berendsborn.de\/wp-content\/uploads\/2025\/01\/Boulebahn-BankbV.jpg 1500w\" sizes=\"auto, (max-width: 1024px) 100vw, 1024px\" \/><\/figure>\n<\/div>\n\n\n<p><em>Kerstin Wacht, Reimund Esch, Karl-Peter Jochem und Hans-Peter Haag probieren die renovierte Sitzgruppe schon mal aus.<\/em><\/p>\n\n\n\n<p><strong>B\u00fcrgerverein kombiniert Spiel, Sport, Spa\u00df und Umweltschutz<\/strong><\/p>\n\n\n\n<p>Der B\u00fcrgerverein Berendsborn hat die Sitzgruppe am Bouleplatz an der Ecke Deutschherrenstra\u00dfe\/Am Berendsborn erneuern lassen. Dabei legte der Verein Wert auf Nachhaltigkeit und lie\u00df Sitzfl\u00e4chen und Tischplatte aus recyceltem Kunststoff einbauen. Auch beim Bau einer Outdoor-Gymnastik-Anlage wird auf Umweltschuz geachtet.<\/p>\n\n\n\n<p>Im April 2012 hatte der B\u00fcrgerverein den bis dahin unansehnlichen Platz an der Bushaltestelle f\u00fcr rund 4.500 Euro erneuert und eine Boulebahn nebst Sitzgelegenheiten aufgebaut. Seitdem nutzten viele Menschen das Areal um das franz\u00f6sische Kugelspiel zu spielen oder sich einfach nur zum gem\u00fctlichen Beisammensein zu treffen. Die Sitzgruppe war mittlerweile in die Jahre gekommen, sodass der B\u00fcrgerverein die Erneuerung in Angriff nahm. Dazu w\u00e4hlte Zimmermeister Hans-Peter Haag ein Material aus recyceltem Kunststoff. \u201eDas Material besteht zu 100 % aus Kunststoffabfall und ist extrem haltbar\u201c, sagt Haag. Rechtzeitig zum Beginn der Outdoor-Saison will der B\u00fcrgerverein auch seine Outdoor-Gymnastik-Anlage in der Kurf\u00fcrstenstra\u00dfe fertigstellen. Der Weg durch den dortigen Park wurde bereits erneuert. Mit umweltfreundlichen Holzhackschnitzeln aus heimischer Produktion. \u201eDie Aufbauarbeiten werden in K\u00fcrze beginnen\u201c, sagt der B\u00fcrgervereinsvorsitzende Raimund Esch, \u201eim April soll die Anlage mit zun\u00e4chst f\u00fcnf Ger\u00e4ten fertiggestellt sein.\u201c<\/p>\n\n\n\n<hr class=\"wp-block-separator has-alpha-channel-opacity\"\/>\n\n\n\n<pre class=\"wp-block-preformatted\">17.03.2025:         Mitgliederversammlung im Clubheim des Tennisclub Konz im Jeuchen<br>                    Beginn um 19 Uhr<br><br>22.03.2025:         Dreck-weg-Tag<br>                    Beginn um 10 Uhr auf dem Festplatz am Brunnen<br><br>24.03.2025:         Seniorenkaffe im Konzer Doktor B\u00fcrgersaal<br>                    Beginn um 15 Uhr. Ein Shuttleservice steht bereit. Neben anderen                                          .                   Programmpunkten wird ein Sicherheitsexperte der Polizei \u00fcber                           .                   seniorenspezifische Themen informieren.<br><br>30.04.\/01.05.2025:  Berendsbornfest<br><\/pre>\n\n\n\n<p><\/p>\n\n\n\n<p><\/p>\n\n\n\n<p><\/p>\n","protected":false},"excerpt":{"rendered":"<p>Herzlich willkommen auf der Homepage des B\u00fcrgervereins Berendsborn Aktiv e.V. in Konz. Hier finden Sie Informationen \u00fcber unseren Verein sowie \u00fcber seine Aktivit\u00e4ten und Projekte. Viel Spa\u00df. Wenn Sie die Arbeit des B\u00fcrgervereins Berendsborn Aktiv e.V. durch Ihre Mitgliedschaft unterst\u00fctzen m\u00f6chten, finden Sie einen Mitgliedsantrag auf der Kontaktseite. Kinder singen f\u00fcr Senioren Rund 75 Kinder <a class=\"read-more\" href=\"https:\/\/buergerverein-berendsborn.de\/?page_id=1085\">... weiterlesen <span class=\"meta-nav\">&rarr;<\/span><\/a><\/p>\n","protected":false},"author":4,"featured_media":0,"parent":0,"menu_order":0,"comment_status":"closed","ping_status":"closed","template":"","meta":{"footnotes":""},"class_list":["post-1085","page","type-page","status-publish","hentry"],"_links":{"self":[{"href":"https:\/\/buergerverein-berendsborn.de\/index.php?rest_route=\/wp\/v2\/pages\/1085","targetHints":{"allow":["GET"]}}],"collection":[{"href":"https:\/\/buergerverein-berendsborn.de\/index.php?rest_route=\/wp\/v2\/pages"}],"about":[{"href":"https:\/\/buergerverein-berendsborn.de\/index.php?rest_route=\/wp\/v2\/types\/page"}],"author":[{"embeddable":true,"href":"https:\/\/buergerverein-berendsborn.de\/index.php?rest_route=\/wp\/v2\/users\/4"}],"replies":[{"embeddable":true,"href":"https:\/\/buergerverein-berendsborn.de\/index.php?rest_route=%2Fwp%2Fv2%2Fcomments&post=1085"}],"version-history":[{"count":1,"href":"https:\/\/buergerverein-berendsborn.de\/index.php?rest_route=\/wp\/v2\/pages\/1085\/revisions"}],"predecessor-version":[{"id":1087,"href":"https:\/\/buergerverein-berendsborn.de\/index.php?rest_route=\/wp\/v2\/pages\/1085\/revisions\/1087"}],"wp:attachment":[{"href":"https:\/\/buergerverein-berendsborn.de\/index.php?rest_route=%2Fwp%2Fv2%2Fmedia&parent=1085"}],"curies":[{"name":"wp","href":"https:\/\/api.w.org\/{rel}","templated":true}]}}