{"id":392,"date":"2020-06-09T08:00:37","date_gmt":"2020-06-09T08:00:37","guid":{"rendered":"https:\/\/buergerverein-berendsborn.de\/?page_id=392"},"modified":"2020-06-09T08:00:37","modified_gmt":"2020-06-09T08:00:37","slug":"2013-2","status":"publish","type":"page","link":"https:\/\/buergerverein-berendsborn.de\/?page_id=392","title":{"rendered":"2013"},"content":{"rendered":"\n<figure class=\"wp-block-gallery aligncenter columns-2 is-cropped wp-block-gallery-1 is-layout-flex wp-block-gallery-is-layout-flex\"><ul class=\"blocks-gallery-grid\"><li class=\"blocks-gallery-item\"><figure><img loading=\"lazy\" decoding=\"async\" width=\"750\" height=\"569\" src=\"https:\/\/buergerverein-berendsborn.de\/wp-content\/uploads\/2020\/06\/FTG-Fu\u00dfballturnier-int-1.jpg\" alt=\"\" data-id=\"405\" data-link=\"https:\/\/buergerverein-berendsborn.de\/?attachment_id=405\" class=\"wp-image-405\" srcset=\"https:\/\/buergerverein-berendsborn.de\/wp-content\/uploads\/2020\/06\/FTG-Fu\u00dfballturnier-int-1.jpg 750w, https:\/\/buergerverein-berendsborn.de\/wp-content\/uploads\/2020\/06\/FTG-Fu\u00dfballturnier-int-1-300x228.jpg 300w\" sizes=\"auto, (max-width: 750px) 100vw, 750px\" \/><\/figure><\/li><li class=\"blocks-gallery-item\"><figure><img loading=\"lazy\" decoding=\"async\" width=\"750\" height=\"479\" src=\"https:\/\/buergerverein-berendsborn.de\/wp-content\/uploads\/2020\/06\/FTG-Fu\u00dfballturnier-int-2.jpg\" alt=\"\" data-id=\"406\" data-full-url=\"https:\/\/buergerverein-berendsborn.de\/wp-content\/uploads\/2020\/06\/FTG-Fu\u00dfballturnier-int-2.jpg\" data-link=\"https:\/\/buergerverein-berendsborn.de\/?attachment_id=406\" class=\"wp-image-406\" srcset=\"https:\/\/buergerverein-berendsborn.de\/wp-content\/uploads\/2020\/06\/FTG-Fu\u00dfballturnier-int-2.jpg 750w, https:\/\/buergerverein-berendsborn.de\/wp-content\/uploads\/2020\/06\/FTG-Fu\u00dfballturnier-int-2-300x192.jpg 300w\" sizes=\"auto, (max-width: 750px) 100vw, 750px\" \/><\/figure><\/li><\/ul><figcaption class=\"blocks-gallery-caption\">Vollen Einsatz zeigt die Berendsborn-Mannschaft beim FTG-Fu\u00dfballturnier am 2. M\u00e4rz<\/figcaption><\/figure>\n\n\n\n<div style=\"height:100px\" aria-hidden=\"true\" class=\"wp-block-spacer\"><\/div>\n\n\n\n<p>Rund 30 Berendsborner lie\u00dfen sich am 16. M\u00e4rz von der K\u00e4lte nicht von der Teilnahme am Dreck-weg-Tag abhalten. Ausgestattet mit Eimern und M\u00fclls\u00e4cken und begleitet von zwei Traktoren mit Anh\u00e4nger schw\u00e4rmten die Sauberm\u00e4nner und \u2013frauen aus und durchst\u00f6berten \u00f6ffentliche Anlagen, Wege und W\u00e4lder nach den unsch\u00f6nen Hinterlassenschaften achtloser Mitmenschen.<\/p>\n\n\n\n<div class=\"wp-block-image\"><figure class=\"aligncenter size-large\"><img loading=\"lazy\" decoding=\"async\" width=\"750\" height=\"496\" src=\"https:\/\/buergerverein-berendsborn.de\/wp-content\/uploads\/2020\/06\/Dreck-weg-Tag-2013-int.jpg\" alt=\"\" class=\"wp-image-393\" srcset=\"https:\/\/buergerverein-berendsborn.de\/wp-content\/uploads\/2020\/06\/Dreck-weg-Tag-2013-int.jpg 750w, https:\/\/buergerverein-berendsborn.de\/wp-content\/uploads\/2020\/06\/Dreck-weg-Tag-2013-int-300x198.jpg 300w\" sizes=\"auto, (max-width: 750px) 100vw, 750px\" \/><\/figure><\/div>\n\n\n\n<hr class=\"wp-block-separator\"\/>\n\n\n\n<p>Zum vierten Mal hatte der B\u00fcrgerverein Berendsborn Aktiv das Berendsborfest organisiert. Zwar machte das Wetter den Organisatoren mit str\u00f6mendem Regen am Er\u00f6ffnungsabend einen Strich durch die Rechnung. Dies tat der guten Stimmung aber keinen Abbruch.<\/p>\n\n\n\n<figure class=\"wp-block-gallery aligncenter columns-3 is-cropped wp-block-gallery-2 is-layout-flex wp-block-gallery-is-layout-flex\"><ul class=\"blocks-gallery-grid\"><li class=\"blocks-gallery-item\"><figure><img loading=\"lazy\" decoding=\"async\" width=\"750\" height=\"498\" src=\"https:\/\/buergerverein-berendsborn.de\/wp-content\/uploads\/2020\/06\/Berendsbornfestint-1-1.jpg\" alt=\"\" data-id=\"395\" data-link=\"https:\/\/buergerverein-berendsborn.de\/?attachment_id=395\" class=\"wp-image-395\" srcset=\"https:\/\/buergerverein-berendsborn.de\/wp-content\/uploads\/2020\/06\/Berendsbornfestint-1-1.jpg 750w, https:\/\/buergerverein-berendsborn.de\/wp-content\/uploads\/2020\/06\/Berendsbornfestint-1-1-300x199.jpg 300w\" sizes=\"auto, (max-width: 750px) 100vw, 750px\" \/><\/figure><\/li><li class=\"blocks-gallery-item\"><figure><img loading=\"lazy\" decoding=\"async\" width=\"750\" height=\"498\" src=\"https:\/\/buergerverein-berendsborn.de\/wp-content\/uploads\/2020\/06\/Berendsbornfestint-2.jpg\" alt=\"\" data-id=\"397\" data-link=\"https:\/\/buergerverein-berendsborn.de\/?attachment_id=397\" class=\"wp-image-397\" srcset=\"https:\/\/buergerverein-berendsborn.de\/wp-content\/uploads\/2020\/06\/Berendsbornfestint-2.jpg 750w, https:\/\/buergerverein-berendsborn.de\/wp-content\/uploads\/2020\/06\/Berendsbornfestint-2-300x199.jpg 300w\" sizes=\"auto, (max-width: 750px) 100vw, 750px\" \/><\/figure><\/li><li class=\"blocks-gallery-item\"><figure><img loading=\"lazy\" decoding=\"async\" width=\"750\" height=\"579\" src=\"https:\/\/buergerverein-berendsborn.de\/wp-content\/uploads\/2020\/06\/Berendsbornfestint-3.jpg\" alt=\"\" data-id=\"398\" data-full-url=\"https:\/\/buergerverein-berendsborn.de\/wp-content\/uploads\/2020\/06\/Berendsbornfestint-3.jpg\" data-link=\"https:\/\/buergerverein-berendsborn.de\/?attachment_id=398\" class=\"wp-image-398\" srcset=\"https:\/\/buergerverein-berendsborn.de\/wp-content\/uploads\/2020\/06\/Berendsbornfestint-3.jpg 750w, https:\/\/buergerverein-berendsborn.de\/wp-content\/uploads\/2020\/06\/Berendsbornfestint-3-300x232.jpg 300w\" sizes=\"auto, (max-width: 750px) 100vw, 750px\" \/><\/figure><\/li><\/ul><\/figure>\n\n\n\n<p>Neben Kinderbelustigung und Kaffeenachmittag legt der B\u00fcrgerverein Wert auf Live-Musik. Der Tanz in den Mai geh\u00f6rt ebenso dazu wie das Fr\u00fchschoppenkonzert. In diesem Jahr rockten erstmals \u201eThe Rats\u201c aus Trier am Nachmittag die Festwiese. Die f\u00fcllte sich bei strahlendem Sonnenschein mit Scharen von Maiwanderern.<\/p>\n\n\n\n<figure class=\"wp-block-gallery columns-2 is-cropped wp-block-gallery-3 is-layout-flex wp-block-gallery-is-layout-flex\"><ul class=\"blocks-gallery-grid\"><li class=\"blocks-gallery-item\"><figure><img loading=\"lazy\" decoding=\"async\" width=\"750\" height=\"498\" src=\"https:\/\/buergerverein-berendsborn.de\/wp-content\/uploads\/2020\/06\/Berendsbornfestint-4.jpg\" alt=\"\" data-id=\"400\" data-link=\"https:\/\/buergerverein-berendsborn.de\/?attachment_id=400\" class=\"wp-image-400\" srcset=\"https:\/\/buergerverein-berendsborn.de\/wp-content\/uploads\/2020\/06\/Berendsbornfestint-4.jpg 750w, https:\/\/buergerverein-berendsborn.de\/wp-content\/uploads\/2020\/06\/Berendsbornfestint-4-300x199.jpg 300w\" sizes=\"auto, (max-width: 750px) 100vw, 750px\" \/><\/figure><\/li><li class=\"blocks-gallery-item\"><figure><img loading=\"lazy\" decoding=\"async\" width=\"750\" height=\"563\" src=\"https:\/\/buergerverein-berendsborn.de\/wp-content\/uploads\/2020\/06\/Berendsbornfestint-5.jpg\" alt=\"\" data-id=\"401\" data-full-url=\"https:\/\/buergerverein-berendsborn.de\/wp-content\/uploads\/2020\/06\/Berendsbornfestint-5.jpg\" data-link=\"https:\/\/buergerverein-berendsborn.de\/?attachment_id=401\" class=\"wp-image-401\" srcset=\"https:\/\/buergerverein-berendsborn.de\/wp-content\/uploads\/2020\/06\/Berendsbornfestint-5.jpg 750w, https:\/\/buergerverein-berendsborn.de\/wp-content\/uploads\/2020\/06\/Berendsbornfestint-5-300x225.jpg 300w\" sizes=\"auto, (max-width: 750px) 100vw, 750px\" \/><\/figure><\/li><\/ul><\/figure>\n\n\n\n<div class=\"wp-block-columns is-layout-flex wp-container-core-columns-is-layout-9d6595d7 wp-block-columns-is-layout-flex\">\n<div class=\"wp-block-column is-layout-flow wp-block-column-is-layout-flow\"><\/div>\n\n\n\n<div class=\"wp-block-column is-layout-flow wp-block-column-is-layout-flow\"><\/div>\n\n\n\n<div class=\"wp-block-column is-layout-flow wp-block-column-is-layout-flow\"><\/div>\n<\/div>\n\n\n\n<p class=\"has-text-align-center has-medium-font-size\"><strong>23. und 24. August <\/strong><\/p>\n\n\n\n<p>Mit 2.000 Euro und tatkr\u00e4ftigem Einsatz unterst\u00fctzt der B\u00fcrgerverein die Instandsetzung des Spielplatzes in der Nikolausstra\u00dfe. Am 23. und 24. August hatte der Verein zu einer Mitmach-Aktion eingeladen. Zahlreiche Helfer stellten die letzten Spielger\u00e4te auf, brachten einen Fallschutz auf, malten Schaukel und Rutschbahn bunt an und bauten den Sandkasten auf. Anschlie\u00dfend konnten die Kinder ihren neuen Spielplatz gleich ausprobieren, mit dem Karussell fahren, auf dem Kletterturm oder dem Climbing-Zelt klettern, im Sandkasten spielen, rutschen, wippen oder einfach nur in der Nestschaukel liegen. F\u00fcr Speisen und Getr\u00e4nke zur St\u00e4rkung sorgte selbstverst\u00e4ndlich der B\u00fcrgerverein.<\/p>\n\n\n\n<div class=\"wp-block-image\"><figure class=\"aligncenter size-large\"><img loading=\"lazy\" decoding=\"async\" width=\"750\" height=\"498\" src=\"https:\/\/buergerverein-berendsborn.de\/wp-content\/uploads\/2020\/06\/int-DSC_0145.jpg\" alt=\"\" class=\"wp-image-409\" srcset=\"https:\/\/buergerverein-berendsborn.de\/wp-content\/uploads\/2020\/06\/int-DSC_0145.jpg 750w, https:\/\/buergerverein-berendsborn.de\/wp-content\/uploads\/2020\/06\/int-DSC_0145-300x199.jpg 300w\" sizes=\"auto, (max-width: 750px) 100vw, 750px\" \/><\/figure><\/div>\n\n\n\n<figure class=\"wp-block-gallery columns-2 is-cropped wp-block-gallery-4 is-layout-flex wp-block-gallery-is-layout-flex\"><ul class=\"blocks-gallery-grid\"><li class=\"blocks-gallery-item\"><figure><img loading=\"lazy\" decoding=\"async\" width=\"750\" height=\"515\" src=\"https:\/\/buergerverein-berendsborn.de\/wp-content\/uploads\/2020\/06\/int-1DSC_0022.jpg\" alt=\"\" data-id=\"410\" data-link=\"https:\/\/buergerverein-berendsborn.de\/?attachment_id=410\" class=\"wp-image-410\" srcset=\"https:\/\/buergerverein-berendsborn.de\/wp-content\/uploads\/2020\/06\/int-1DSC_0022.jpg 750w, https:\/\/buergerverein-berendsborn.de\/wp-content\/uploads\/2020\/06\/int-1DSC_0022-300x206.jpg 300w\" sizes=\"auto, (max-width: 750px) 100vw, 750px\" \/><\/figure><\/li><li class=\"blocks-gallery-item\"><figure><img loading=\"lazy\" decoding=\"async\" width=\"750\" height=\"483\" src=\"https:\/\/buergerverein-berendsborn.de\/wp-content\/uploads\/2020\/06\/int-2DSC_0059.jpg\" alt=\"\" data-id=\"411\" data-full-url=\"https:\/\/buergerverein-berendsborn.de\/wp-content\/uploads\/2020\/06\/int-2DSC_0059.jpg\" data-link=\"https:\/\/buergerverein-berendsborn.de\/?attachment_id=411\" class=\"wp-image-411\" srcset=\"https:\/\/buergerverein-berendsborn.de\/wp-content\/uploads\/2020\/06\/int-2DSC_0059.jpg 750w, https:\/\/buergerverein-berendsborn.de\/wp-content\/uploads\/2020\/06\/int-2DSC_0059-300x193.jpg 300w\" sizes=\"auto, (max-width: 750px) 100vw, 750px\" \/><\/figure><\/li><\/ul><\/figure>\n\n\n\n<div class=\"wp-block-media-text alignwide is-stacked-on-mobile\" style=\"grid-template-columns:61% auto\"><figure class=\"wp-block-media-text__media\"><img loading=\"lazy\" decoding=\"async\" width=\"750\" height=\"422\" src=\"https:\/\/buergerverein-berendsborn.de\/wp-content\/uploads\/2020\/06\/1-int-Federwei\u00dfenfest-2013-4.jpg\" alt=\"\" class=\"wp-image-413\" srcset=\"https:\/\/buergerverein-berendsborn.de\/wp-content\/uploads\/2020\/06\/1-int-Federwei\u00dfenfest-2013-4.jpg 750w, https:\/\/buergerverein-berendsborn.de\/wp-content\/uploads\/2020\/06\/1-int-Federwei\u00dfenfest-2013-4-300x169.jpg 300w\" sizes=\"auto, (max-width: 750px) 100vw, 750px\" \/><\/figure><div class=\"wp-block-media-text__content\">\n<p class=\"has-normal-font-size\">Am 6. Oktober veranstaltet der Verein ein Federwei\u00dfenfest in der Parkanlage Deutschherrenstra\u00dfe. Ganz traditionell wird Federwei\u00dfer ausgeschenkt und Zwiebelkuchen serviert. Die Resonanz ist allerdings sehr gering.<\/p>\n<\/div><\/div>\n\n\n\n<hr class=\"wp-block-separator\"\/>\n\n\n\n<div class=\"wp-block-image\"><figure class=\"aligncenter size-large\"><img loading=\"lazy\" decoding=\"async\" width=\"616\" height=\"844\" src=\"https:\/\/buergerverein-berendsborn.de\/wp-content\/uploads\/2020\/06\/Plakat-1.jpg\" alt=\"\" class=\"wp-image-417\" srcset=\"https:\/\/buergerverein-berendsborn.de\/wp-content\/uploads\/2020\/06\/Plakat-1.jpg 616w, https:\/\/buergerverein-berendsborn.de\/wp-content\/uploads\/2020\/06\/Plakat-1-219x300.jpg 219w\" sizes=\"auto, (max-width: 616px) 100vw, 616px\" \/><\/figure><\/div>\n","protected":false},"excerpt":{"rendered":"<p>Rund 30 Berendsborner lie\u00dfen sich am 16. M\u00e4rz von der K\u00e4lte nicht von der Teilnahme am Dreck-weg-Tag abhalten. Ausgestattet mit Eimern und M\u00fclls\u00e4cken und begleitet von zwei Traktoren mit Anh\u00e4nger schw\u00e4rmten die Sauberm\u00e4nner und \u2013frauen aus und durchst\u00f6berten \u00f6ffentliche Anlagen, Wege und W\u00e4lder nach den unsch\u00f6nen Hinterlassenschaften achtloser Mitmenschen. Zum vierten Mal hatte der B\u00fcrgerverein <a class=\"read-more\" href=\"https:\/\/buergerverein-berendsborn.de\/?page_id=392\">... weiterlesen <span class=\"meta-nav\">&rarr;<\/span><\/a><\/p>\n","protected":false},"author":3,"featured_media":0,"parent":0,"menu_order":0,"comment_status":"closed","ping_status":"closed","template":"","meta":{"footnotes":""},"class_list":["post-392","page","type-page","status-publish","hentry"],"_links":{"self":[{"href":"https:\/\/buergerverein-berendsborn.de\/index.php?rest_route=\/wp\/v2\/pages\/392","targetHints":{"allow":["GET"]}}],"collection":[{"href":"https:\/\/buergerverein-berendsborn.de\/index.php?rest_route=\/wp\/v2\/pages"}],"about":[{"href":"https:\/\/buergerverein-berendsborn.de\/index.php?rest_route=\/wp\/v2\/types\/page"}],"author":[{"embeddable":true,"href":"https:\/\/buergerverein-berendsborn.de\/index.php?rest_route=\/wp\/v2\/users\/3"}],"replies":[{"embeddable":true,"href":"https:\/\/buergerverein-berendsborn.de\/index.php?rest_route=%2Fwp%2Fv2%2Fcomments&post=392"}],"version-history":[{"count":10,"href":"https:\/\/buergerverein-berendsborn.de\/index.php?rest_route=\/wp\/v2\/pages\/392\/revisions"}],"predecessor-version":[{"id":418,"href":"https:\/\/buergerverein-berendsborn.de\/index.php?rest_route=\/wp\/v2\/pages\/392\/revisions\/418"}],"wp:attachment":[{"href":"https:\/\/buergerverein-berendsborn.de\/index.php?rest_route=%2Fwp%2Fv2%2Fmedia&parent=392"}],"curies":[{"name":"wp","href":"https:\/\/api.w.org\/{rel}","templated":true}]}}