{"id":540,"date":"2020-10-04T15:06:56","date_gmt":"2020-10-04T15:06:56","guid":{"rendered":"https:\/\/buergerverein-berendsborn.de\/?page_id=540"},"modified":"2020-10-04T15:06:56","modified_gmt":"2020-10-04T15:06:56","slug":"2010-2","status":"publish","type":"page","link":"https:\/\/buergerverein-berendsborn.de\/?page_id=540","title":{"rendered":"2010"},"content":{"rendered":"\n<p><strong>11. Januar 2010<\/strong><\/p>\n\n\n\n<p>Engagierte B\u00fcrger des Konzer Stadtteils Berendsborn gr\u00fcnden im Vereinslokal Weinstube Luy einen B\u00fcrgerverein. Sie wollen die Gemeinschaft in ihrem Stadtteil f\u00f6rdern, Freizeitangebote unterst\u00fctzen und das Erscheinungsbild der mittlerweile \u00fcber 70 Jahre alten \u201eSiedlung\u201c aufpeppen. Gro\u00df war das Interesse an der Gr\u00fcndungsveranstaltung des neuen Vereins. Rund 30 B\u00fcrger waren der Einladung des Organisationsteams, bestehend aus Guido Wacht, Hans-Josef Luy, Karl-Peter Jochem und Rainer Schons gefolgt. Die vier Berendsborner hatten sich Gedanken \u00fcber Ziele und Aktivit\u00e4ten eines neu zu gr\u00fcndenden Vereins gemacht, wollen die Tradition der Berendsborn-Feste wiederbeleben und die Gemeinschaft in ihrem Stadtteil pflegen.<\/p>\n\n\n\n<p>Die Versammlung gr\u00fcndet den B\u00fcrgerverein Berendsborn Aktiv, beschlie\u00dft eine Satzung und w\u00e4hlt einen Vorstand.<\/p>\n\n\n\n<div class=\"wp-block-image\"><figure class=\"aligncenter size-large\"><img loading=\"lazy\" decoding=\"async\" width=\"750\" height=\"535\" src=\"https:\/\/buergerverein-berendsborn.de\/wp-content\/uploads\/2020\/07\/Vorstand_int.jpg\" alt=\"\" class=\"wp-image-541\" srcset=\"https:\/\/buergerverein-berendsborn.de\/wp-content\/uploads\/2020\/07\/Vorstand_int.jpg 750w, https:\/\/buergerverein-berendsborn.de\/wp-content\/uploads\/2020\/07\/Vorstand_int-300x214.jpg 300w\" sizes=\"auto, (max-width: 750px) 100vw, 750px\" \/><figcaption>Der erste Vorstand des B\u00fcrgervereins Berendsborn: von links Hans-Josef Luy (Vorsitzender), Raimund Esch (stellvertretender Vorsitzender), Frank Wilhelmi (Beisitzer), Silvia Schwankl (stellvertretende Kassiererin), Kerstin WAcht (Kassiererin), Ralf Kopp (stellvertretender Schriftf\u00fchrer), Karl-Peter Jochem (Schriftf\u00fchrer)<\/figcaption><\/figure><\/div>\n\n\n\n<p><strong>19. Februar 2010<\/strong><\/p>\n\n\n\n<p>Am 19. Februar fand der erste Dreck weg Tag des B\u00fcrgervereins statt. Rund 35 Menschen haben teilgenommen. \u00d6ffentliche Wege und Pl\u00e4tze auf dem Berendsborn wurden ges\u00e4ubert. Etwa f\u00fcnf Kubikmeter M\u00fcll fielen an. Ab sofort f\u00fchrte der Verein jedes Fr\u00fchjahr eine solche Aktion durch.<\/p>\n\n\n\n<p><strong>30. April und 1. Mai 2010<\/strong><\/p>\n\n\n\n<p><strong>Erstes Berendsbornfest des B\u00fcrgervereins Berendsborn.<\/strong><\/p>\n\n\n\n<p>Vor rund 20 Jahren hatte es das letzte Berendsbornfest gegeben. Offensichtlich hatte der B\u00fcrgerverein mit der Neuauflage genau den Nerv der Berendsborner getroffen. Denn schon am fr\u00fchen Nachmittag tummelten sich hunderte Besucher auf der Festwiese. Da st\u00f6rten auch nicht vor\u00fcbergehende Regenschauer, konnten es sich die Besucher doch auch im Festzelt gem\u00fctlich machen. Zwei Tage feierten die Berendsborner auf der zum Festplatz umgestalteten Wiese am Brunnen. Damit hatte der B\u00fcrgerverein den Grundstein f\u00fcr die Fortf\u00fchrung der Tradition der Berendsbornfeste gelegt.<\/p>\n\n\n\n<div class=\"wp-block-image\"><figure class=\"aligncenter size-large\"><img loading=\"lazy\" decoding=\"async\" width=\"762\" height=\"1024\" src=\"https:\/\/buergerverein-berendsborn.de\/wp-content\/uploads\/2020\/09\/Zwischenablage-1-762x1024.jpg\" alt=\"\" class=\"wp-image-577\" srcset=\"https:\/\/buergerverein-berendsborn.de\/wp-content\/uploads\/2020\/09\/Zwischenablage-1-762x1024.jpg 762w, https:\/\/buergerverein-berendsborn.de\/wp-content\/uploads\/2020\/09\/Zwischenablage-1-223x300.jpg 223w, https:\/\/buergerverein-berendsborn.de\/wp-content\/uploads\/2020\/09\/Zwischenablage-1-768x1033.jpg 768w, https:\/\/buergerverein-berendsborn.de\/wp-content\/uploads\/2020\/09\/Zwischenablage-1.jpg 859w\" sizes=\"auto, (max-width: 762px) 100vw, 762px\" \/><\/figure><\/div>\n\n\n\n<figure class=\"wp-block-gallery aligncenter columns-3 is-cropped wp-block-gallery-1 is-layout-flex wp-block-gallery-is-layout-flex\"><ul class=\"blocks-gallery-grid\"><li class=\"blocks-gallery-item\"><figure><img loading=\"lazy\" decoding=\"async\" width=\"1024\" height=\"768\" src=\"https:\/\/buergerverein-berendsborn.de\/wp-content\/uploads\/2020\/09\/Berendsbornfest-2010-7-1024x768.jpg\" alt=\"\" data-id=\"569\" data-link=\"https:\/\/buergerverein-berendsborn.de\/?attachment_id=569\" class=\"wp-image-569\" srcset=\"https:\/\/buergerverein-berendsborn.de\/wp-content\/uploads\/2020\/09\/Berendsbornfest-2010-7-1024x768.jpg 1024w, https:\/\/buergerverein-berendsborn.de\/wp-content\/uploads\/2020\/09\/Berendsbornfest-2010-7-300x225.jpg 300w, https:\/\/buergerverein-berendsborn.de\/wp-content\/uploads\/2020\/09\/Berendsbornfest-2010-7-768x576.jpg 768w, https:\/\/buergerverein-berendsborn.de\/wp-content\/uploads\/2020\/09\/Berendsbornfest-2010-7-1536x1152.jpg 1536w, https:\/\/buergerverein-berendsborn.de\/wp-content\/uploads\/2020\/09\/Berendsbornfest-2010-7-960x720.jpg 960w, https:\/\/buergerverein-berendsborn.de\/wp-content\/uploads\/2020\/09\/Berendsbornfest-2010-7.jpg 2048w\" sizes=\"auto, (max-width: 1024px) 100vw, 1024px\" \/><figcaption class=\"blocks-gallery-item__caption\">Unicode<\/figcaption><\/figure><\/li><li class=\"blocks-gallery-item\"><figure><img loading=\"lazy\" decoding=\"async\" width=\"1024\" height=\"768\" src=\"https:\/\/buergerverein-berendsborn.de\/wp-content\/uploads\/2020\/09\/Berendsbornfest-2010-27-1024x768.jpg\" alt=\"\" data-id=\"570\" data-link=\"https:\/\/buergerverein-berendsborn.de\/?attachment_id=570\" class=\"wp-image-570\" srcset=\"https:\/\/buergerverein-berendsborn.de\/wp-content\/uploads\/2020\/09\/Berendsbornfest-2010-27-1024x768.jpg 1024w, https:\/\/buergerverein-berendsborn.de\/wp-content\/uploads\/2020\/09\/Berendsbornfest-2010-27-300x225.jpg 300w, https:\/\/buergerverein-berendsborn.de\/wp-content\/uploads\/2020\/09\/Berendsbornfest-2010-27-768x576.jpg 768w, https:\/\/buergerverein-berendsborn.de\/wp-content\/uploads\/2020\/09\/Berendsbornfest-2010-27-1536x1152.jpg 1536w, https:\/\/buergerverein-berendsborn.de\/wp-content\/uploads\/2020\/09\/Berendsbornfest-2010-27-960x720.jpg 960w, https:\/\/buergerverein-berendsborn.de\/wp-content\/uploads\/2020\/09\/Berendsbornfest-2010-27.jpg 2048w\" sizes=\"auto, (max-width: 1024px) 100vw, 1024px\" \/><figcaption class=\"blocks-gallery-item__caption\">Unicode<\/figcaption><\/figure><\/li><li class=\"blocks-gallery-item\"><figure><img loading=\"lazy\" decoding=\"async\" width=\"1024\" height=\"768\" src=\"https:\/\/buergerverein-berendsborn.de\/wp-content\/uploads\/2020\/09\/Berendsbornfest-2010-25-1024x768.jpg\" alt=\"\" data-id=\"571\" data-link=\"https:\/\/buergerverein-berendsborn.de\/?attachment_id=571\" class=\"wp-image-571\" srcset=\"https:\/\/buergerverein-berendsborn.de\/wp-content\/uploads\/2020\/09\/Berendsbornfest-2010-25-1024x768.jpg 1024w, https:\/\/buergerverein-berendsborn.de\/wp-content\/uploads\/2020\/09\/Berendsbornfest-2010-25-300x225.jpg 300w, https:\/\/buergerverein-berendsborn.de\/wp-content\/uploads\/2020\/09\/Berendsbornfest-2010-25-768x576.jpg 768w, https:\/\/buergerverein-berendsborn.de\/wp-content\/uploads\/2020\/09\/Berendsbornfest-2010-25-1536x1152.jpg 1536w, https:\/\/buergerverein-berendsborn.de\/wp-content\/uploads\/2020\/09\/Berendsbornfest-2010-25-960x720.jpg 960w, https:\/\/buergerverein-berendsborn.de\/wp-content\/uploads\/2020\/09\/Berendsbornfest-2010-25.jpg 2048w\" sizes=\"auto, (max-width: 1024px) 100vw, 1024px\" \/><figcaption class=\"blocks-gallery-item__caption\">Unicode<\/figcaption><\/figure><\/li><li class=\"blocks-gallery-item\"><figure><img loading=\"lazy\" decoding=\"async\" width=\"1024\" height=\"680\" src=\"https:\/\/buergerverein-berendsborn.de\/wp-content\/uploads\/2020\/09\/Berendsbornfest-2010-76-1024x680.jpg\" alt=\"\" data-id=\"572\" data-link=\"https:\/\/buergerverein-berendsborn.de\/?attachment_id=572\" class=\"wp-image-572\" srcset=\"https:\/\/buergerverein-berendsborn.de\/wp-content\/uploads\/2020\/09\/Berendsbornfest-2010-76-1024x680.jpg 1024w, https:\/\/buergerverein-berendsborn.de\/wp-content\/uploads\/2020\/09\/Berendsbornfest-2010-76-300x199.jpg 300w, https:\/\/buergerverein-berendsborn.de\/wp-content\/uploads\/2020\/09\/Berendsbornfest-2010-76-768x510.jpg 768w, https:\/\/buergerverein-berendsborn.de\/wp-content\/uploads\/2020\/09\/Berendsbornfest-2010-76-1536x1020.jpg 1536w, https:\/\/buergerverein-berendsborn.de\/wp-content\/uploads\/2020\/09\/Berendsbornfest-2010-76-2048x1360.jpg 2048w, https:\/\/buergerverein-berendsborn.de\/wp-content\/uploads\/2020\/09\/Berendsbornfest-2010-76-960x638.jpg 960w\" sizes=\"auto, (max-width: 1024px) 100vw, 1024px\" \/><\/figure><\/li><li class=\"blocks-gallery-item\"><figure><img loading=\"lazy\" decoding=\"async\" width=\"1024\" height=\"680\" src=\"https:\/\/buergerverein-berendsborn.de\/wp-content\/uploads\/2020\/09\/Berendsbornfest-2010-81-1024x680.jpg\" alt=\"\" data-id=\"573\" data-link=\"https:\/\/buergerverein-berendsborn.de\/?attachment_id=573\" class=\"wp-image-573\" srcset=\"https:\/\/buergerverein-berendsborn.de\/wp-content\/uploads\/2020\/09\/Berendsbornfest-2010-81-1024x680.jpg 1024w, https:\/\/buergerverein-berendsborn.de\/wp-content\/uploads\/2020\/09\/Berendsbornfest-2010-81-300x199.jpg 300w, https:\/\/buergerverein-berendsborn.de\/wp-content\/uploads\/2020\/09\/Berendsbornfest-2010-81-768x510.jpg 768w, https:\/\/buergerverein-berendsborn.de\/wp-content\/uploads\/2020\/09\/Berendsbornfest-2010-81-1536x1020.jpg 1536w, https:\/\/buergerverein-berendsborn.de\/wp-content\/uploads\/2020\/09\/Berendsbornfest-2010-81-2048x1360.jpg 2048w, https:\/\/buergerverein-berendsborn.de\/wp-content\/uploads\/2020\/09\/Berendsbornfest-2010-81-960x638.jpg 960w\" sizes=\"auto, (max-width: 1024px) 100vw, 1024px\" \/><\/figure><\/li><li class=\"blocks-gallery-item\"><figure><img loading=\"lazy\" decoding=\"async\" width=\"1024\" height=\"680\" src=\"https:\/\/buergerverein-berendsborn.de\/wp-content\/uploads\/2020\/09\/Berendsbornfest-2010-108-1024x680.jpg\" alt=\"\" data-id=\"574\" data-link=\"https:\/\/buergerverein-berendsborn.de\/?attachment_id=574\" class=\"wp-image-574\" srcset=\"https:\/\/buergerverein-berendsborn.de\/wp-content\/uploads\/2020\/09\/Berendsbornfest-2010-108-1024x680.jpg 1024w, https:\/\/buergerverein-berendsborn.de\/wp-content\/uploads\/2020\/09\/Berendsbornfest-2010-108-300x199.jpg 300w, https:\/\/buergerverein-berendsborn.de\/wp-content\/uploads\/2020\/09\/Berendsbornfest-2010-108-768x510.jpg 768w, https:\/\/buergerverein-berendsborn.de\/wp-content\/uploads\/2020\/09\/Berendsbornfest-2010-108-1536x1020.jpg 1536w, https:\/\/buergerverein-berendsborn.de\/wp-content\/uploads\/2020\/09\/Berendsbornfest-2010-108-2048x1360.jpg 2048w, https:\/\/buergerverein-berendsborn.de\/wp-content\/uploads\/2020\/09\/Berendsbornfest-2010-108-960x638.jpg 960w\" sizes=\"auto, (max-width: 1024px) 100vw, 1024px\" \/><\/figure><\/li><li class=\"blocks-gallery-item\"><figure><img loading=\"lazy\" decoding=\"async\" width=\"1024\" height=\"680\" src=\"https:\/\/buergerverein-berendsborn.de\/wp-content\/uploads\/2020\/09\/Berendsbornfest-2010-138-1024x680.jpg\" alt=\"\" data-id=\"575\" data-link=\"https:\/\/buergerverein-berendsborn.de\/?attachment_id=575\" class=\"wp-image-575\" srcset=\"https:\/\/buergerverein-berendsborn.de\/wp-content\/uploads\/2020\/09\/Berendsbornfest-2010-138-1024x680.jpg 1024w, https:\/\/buergerverein-berendsborn.de\/wp-content\/uploads\/2020\/09\/Berendsbornfest-2010-138-300x199.jpg 300w, https:\/\/buergerverein-berendsborn.de\/wp-content\/uploads\/2020\/09\/Berendsbornfest-2010-138-768x510.jpg 768w, https:\/\/buergerverein-berendsborn.de\/wp-content\/uploads\/2020\/09\/Berendsbornfest-2010-138-1536x1020.jpg 1536w, https:\/\/buergerverein-berendsborn.de\/wp-content\/uploads\/2020\/09\/Berendsbornfest-2010-138-2048x1360.jpg 2048w, https:\/\/buergerverein-berendsborn.de\/wp-content\/uploads\/2020\/09\/Berendsbornfest-2010-138-960x638.jpg 960w\" sizes=\"auto, (max-width: 1024px) 100vw, 1024px\" \/><\/figure><\/li><li class=\"blocks-gallery-item\"><figure><img loading=\"lazy\" decoding=\"async\" width=\"1024\" height=\"680\" src=\"https:\/\/buergerverein-berendsborn.de\/wp-content\/uploads\/2020\/09\/Berendsbornfest-2010-141-1024x680.jpg\" alt=\"\" data-id=\"576\" data-full-url=\"https:\/\/buergerverein-berendsborn.de\/wp-content\/uploads\/2020\/09\/Berendsbornfest-2010-141.jpg\" data-link=\"https:\/\/buergerverein-berendsborn.de\/?attachment_id=576\" class=\"wp-image-576\" srcset=\"https:\/\/buergerverein-berendsborn.de\/wp-content\/uploads\/2020\/09\/Berendsbornfest-2010-141-1024x680.jpg 1024w, https:\/\/buergerverein-berendsborn.de\/wp-content\/uploads\/2020\/09\/Berendsbornfest-2010-141-300x199.jpg 300w, https:\/\/buergerverein-berendsborn.de\/wp-content\/uploads\/2020\/09\/Berendsbornfest-2010-141-768x510.jpg 768w, https:\/\/buergerverein-berendsborn.de\/wp-content\/uploads\/2020\/09\/Berendsbornfest-2010-141-1536x1020.jpg 1536w, https:\/\/buergerverein-berendsborn.de\/wp-content\/uploads\/2020\/09\/Berendsbornfest-2010-141-2048x1360.jpg 2048w, https:\/\/buergerverein-berendsborn.de\/wp-content\/uploads\/2020\/09\/Berendsbornfest-2010-141-960x638.jpg 960w\" sizes=\"auto, (max-width: 1024px) 100vw, 1024px\" \/><\/figure><\/li><\/ul><\/figure>\n\n\n\n<p><strong>9. Mai 2010<\/strong><\/p>\n\n\n\n<p>Der B\u00fcrgerverein beantragt die <strong>Sanierung des Bolzplatzes <\/strong>in der Kurf\u00fcrstenstra\u00dfe. Nach dem Berendsbornfest beginnen die Arbeiten an der Anlage in der Kurf\u00fcrstenstra\u00dfe. Im darauf folgenden Jahr kann der Verein den fertiggestellten Platz an die Stadt \u00fcbergeben.<\/p>\n\n\n\n<figure class=\"wp-block-gallery aligncenter columns-3 is-cropped wp-block-gallery-2 is-layout-flex wp-block-gallery-is-layout-flex\"><ul class=\"blocks-gallery-grid\"><li class=\"blocks-gallery-item\"><figure><img loading=\"lazy\" decoding=\"async\" width=\"1024\" height=\"680\" src=\"https:\/\/buergerverein-berendsborn.de\/wp-content\/uploads\/2020\/09\/Berendsborn-Bolzplatz-100612-13-1024x680.jpg\" alt=\"\" data-id=\"560\" data-link=\"https:\/\/buergerverein-berendsborn.de\/?attachment_id=560\" class=\"wp-image-560\" srcset=\"https:\/\/buergerverein-berendsborn.de\/wp-content\/uploads\/2020\/09\/Berendsborn-Bolzplatz-100612-13-1024x680.jpg 1024w, https:\/\/buergerverein-berendsborn.de\/wp-content\/uploads\/2020\/09\/Berendsborn-Bolzplatz-100612-13-300x199.jpg 300w, https:\/\/buergerverein-berendsborn.de\/wp-content\/uploads\/2020\/09\/Berendsborn-Bolzplatz-100612-13-768x510.jpg 768w, https:\/\/buergerverein-berendsborn.de\/wp-content\/uploads\/2020\/09\/Berendsborn-Bolzplatz-100612-13-1536x1020.jpg 1536w, https:\/\/buergerverein-berendsborn.de\/wp-content\/uploads\/2020\/09\/Berendsborn-Bolzplatz-100612-13-2048x1360.jpg 2048w, https:\/\/buergerverein-berendsborn.de\/wp-content\/uploads\/2020\/09\/Berendsborn-Bolzplatz-100612-13-960x638.jpg 960w\" sizes=\"auto, (max-width: 1024px) 100vw, 1024px\" \/><\/figure><\/li><li class=\"blocks-gallery-item\"><figure><img loading=\"lazy\" decoding=\"async\" width=\"1024\" height=\"680\" src=\"https:\/\/buergerverein-berendsborn.de\/wp-content\/uploads\/2020\/09\/Berendsborn-Bolzplatz-100612-22-1024x680.jpg\" alt=\"\" data-id=\"561\" data-link=\"https:\/\/buergerverein-berendsborn.de\/?attachment_id=561\" class=\"wp-image-561\" srcset=\"https:\/\/buergerverein-berendsborn.de\/wp-content\/uploads\/2020\/09\/Berendsborn-Bolzplatz-100612-22-1024x680.jpg 1024w, https:\/\/buergerverein-berendsborn.de\/wp-content\/uploads\/2020\/09\/Berendsborn-Bolzplatz-100612-22-300x199.jpg 300w, https:\/\/buergerverein-berendsborn.de\/wp-content\/uploads\/2020\/09\/Berendsborn-Bolzplatz-100612-22-768x510.jpg 768w, https:\/\/buergerverein-berendsborn.de\/wp-content\/uploads\/2020\/09\/Berendsborn-Bolzplatz-100612-22-1536x1020.jpg 1536w, https:\/\/buergerverein-berendsborn.de\/wp-content\/uploads\/2020\/09\/Berendsborn-Bolzplatz-100612-22-2048x1360.jpg 2048w, https:\/\/buergerverein-berendsborn.de\/wp-content\/uploads\/2020\/09\/Berendsborn-Bolzplatz-100612-22-960x638.jpg 960w\" sizes=\"auto, (max-width: 1024px) 100vw, 1024px\" \/><\/figure><\/li><li class=\"blocks-gallery-item\"><figure><img loading=\"lazy\" decoding=\"async\" width=\"1024\" height=\"680\" src=\"https:\/\/buergerverein-berendsborn.de\/wp-content\/uploads\/2020\/09\/Berendsborn-Bolzplatz-100810-24-1024x680.jpg\" alt=\"\" data-id=\"562\" data-link=\"https:\/\/buergerverein-berendsborn.de\/?attachment_id=562\" class=\"wp-image-562\" srcset=\"https:\/\/buergerverein-berendsborn.de\/wp-content\/uploads\/2020\/09\/Berendsborn-Bolzplatz-100810-24-1024x680.jpg 1024w, https:\/\/buergerverein-berendsborn.de\/wp-content\/uploads\/2020\/09\/Berendsborn-Bolzplatz-100810-24-300x199.jpg 300w, https:\/\/buergerverein-berendsborn.de\/wp-content\/uploads\/2020\/09\/Berendsborn-Bolzplatz-100810-24-768x510.jpg 768w, https:\/\/buergerverein-berendsborn.de\/wp-content\/uploads\/2020\/09\/Berendsborn-Bolzplatz-100810-24-1536x1020.jpg 1536w, https:\/\/buergerverein-berendsborn.de\/wp-content\/uploads\/2020\/09\/Berendsborn-Bolzplatz-100810-24-2048x1360.jpg 2048w, https:\/\/buergerverein-berendsborn.de\/wp-content\/uploads\/2020\/09\/Berendsborn-Bolzplatz-100810-24-960x638.jpg 960w\" sizes=\"auto, (max-width: 1024px) 100vw, 1024px\" \/><\/figure><\/li><li class=\"blocks-gallery-item\"><figure><img loading=\"lazy\" decoding=\"async\" width=\"1024\" height=\"680\" src=\"https:\/\/buergerverein-berendsborn.de\/wp-content\/uploads\/2020\/09\/Berendsborn-Bolzplatz-100810-29-1024x680.jpg\" alt=\"\" data-id=\"563\" data-link=\"https:\/\/buergerverein-berendsborn.de\/?attachment_id=563\" class=\"wp-image-563\" srcset=\"https:\/\/buergerverein-berendsborn.de\/wp-content\/uploads\/2020\/09\/Berendsborn-Bolzplatz-100810-29-1024x680.jpg 1024w, https:\/\/buergerverein-berendsborn.de\/wp-content\/uploads\/2020\/09\/Berendsborn-Bolzplatz-100810-29-300x199.jpg 300w, https:\/\/buergerverein-berendsborn.de\/wp-content\/uploads\/2020\/09\/Berendsborn-Bolzplatz-100810-29-768x510.jpg 768w, https:\/\/buergerverein-berendsborn.de\/wp-content\/uploads\/2020\/09\/Berendsborn-Bolzplatz-100810-29-1536x1020.jpg 1536w, https:\/\/buergerverein-berendsborn.de\/wp-content\/uploads\/2020\/09\/Berendsborn-Bolzplatz-100810-29-2048x1360.jpg 2048w, https:\/\/buergerverein-berendsborn.de\/wp-content\/uploads\/2020\/09\/Berendsborn-Bolzplatz-100810-29-960x638.jpg 960w\" sizes=\"auto, (max-width: 1024px) 100vw, 1024px\" \/><\/figure><\/li><li class=\"blocks-gallery-item\"><figure><img loading=\"lazy\" decoding=\"async\" width=\"1024\" height=\"680\" src=\"https:\/\/buergerverein-berendsborn.de\/wp-content\/uploads\/2020\/09\/Berendsborn-Bolzplatz-100810-47-1024x680.jpg\" alt=\"\" data-id=\"564\" data-link=\"https:\/\/buergerverein-berendsborn.de\/?attachment_id=564\" class=\"wp-image-564\" srcset=\"https:\/\/buergerverein-berendsborn.de\/wp-content\/uploads\/2020\/09\/Berendsborn-Bolzplatz-100810-47-1024x680.jpg 1024w, https:\/\/buergerverein-berendsborn.de\/wp-content\/uploads\/2020\/09\/Berendsborn-Bolzplatz-100810-47-300x199.jpg 300w, https:\/\/buergerverein-berendsborn.de\/wp-content\/uploads\/2020\/09\/Berendsborn-Bolzplatz-100810-47-768x510.jpg 768w, https:\/\/buergerverein-berendsborn.de\/wp-content\/uploads\/2020\/09\/Berendsborn-Bolzplatz-100810-47-1536x1020.jpg 1536w, https:\/\/buergerverein-berendsborn.de\/wp-content\/uploads\/2020\/09\/Berendsborn-Bolzplatz-100810-47-2048x1360.jpg 2048w, https:\/\/buergerverein-berendsborn.de\/wp-content\/uploads\/2020\/09\/Berendsborn-Bolzplatz-100810-47-960x638.jpg 960w\" sizes=\"auto, (max-width: 1024px) 100vw, 1024px\" \/><\/figure><\/li><li class=\"blocks-gallery-item\"><figure><img loading=\"lazy\" decoding=\"async\" width=\"1024\" height=\"680\" src=\"https:\/\/buergerverein-berendsborn.de\/wp-content\/uploads\/2020\/09\/Berendsborn-Bolzplatz-100828-1024x680.jpg\" alt=\"\" data-id=\"565\" data-link=\"https:\/\/buergerverein-berendsborn.de\/?attachment_id=565\" class=\"wp-image-565\" srcset=\"https:\/\/buergerverein-berendsborn.de\/wp-content\/uploads\/2020\/09\/Berendsborn-Bolzplatz-100828-1024x680.jpg 1024w, https:\/\/buergerverein-berendsborn.de\/wp-content\/uploads\/2020\/09\/Berendsborn-Bolzplatz-100828-300x199.jpg 300w, https:\/\/buergerverein-berendsborn.de\/wp-content\/uploads\/2020\/09\/Berendsborn-Bolzplatz-100828-768x510.jpg 768w, https:\/\/buergerverein-berendsborn.de\/wp-content\/uploads\/2020\/09\/Berendsborn-Bolzplatz-100828-1536x1020.jpg 1536w, https:\/\/buergerverein-berendsborn.de\/wp-content\/uploads\/2020\/09\/Berendsborn-Bolzplatz-100828-2048x1360.jpg 2048w, https:\/\/buergerverein-berendsborn.de\/wp-content\/uploads\/2020\/09\/Berendsborn-Bolzplatz-100828-960x638.jpg 960w\" sizes=\"auto, (max-width: 1024px) 100vw, 1024px\" \/><\/figure><\/li><li class=\"blocks-gallery-item\"><figure><img loading=\"lazy\" decoding=\"async\" width=\"1024\" height=\"768\" src=\"https:\/\/buergerverein-berendsborn.de\/wp-content\/uploads\/2020\/09\/Berendsborn-Bolzplatz-100903-3-1024x768.jpg\" alt=\"\" data-id=\"566\" data-link=\"https:\/\/buergerverein-berendsborn.de\/?attachment_id=566\" class=\"wp-image-566\" srcset=\"https:\/\/buergerverein-berendsborn.de\/wp-content\/uploads\/2020\/09\/Berendsborn-Bolzplatz-100903-3-1024x768.jpg 1024w, https:\/\/buergerverein-berendsborn.de\/wp-content\/uploads\/2020\/09\/Berendsborn-Bolzplatz-100903-3-300x225.jpg 300w, https:\/\/buergerverein-berendsborn.de\/wp-content\/uploads\/2020\/09\/Berendsborn-Bolzplatz-100903-3-768x576.jpg 768w, https:\/\/buergerverein-berendsborn.de\/wp-content\/uploads\/2020\/09\/Berendsborn-Bolzplatz-100903-3-1536x1152.jpg 1536w, https:\/\/buergerverein-berendsborn.de\/wp-content\/uploads\/2020\/09\/Berendsborn-Bolzplatz-100903-3-960x720.jpg 960w, https:\/\/buergerverein-berendsborn.de\/wp-content\/uploads\/2020\/09\/Berendsborn-Bolzplatz-100903-3.jpg 2048w\" sizes=\"auto, (max-width: 1024px) 100vw, 1024px\" \/><figcaption class=\"blocks-gallery-item__caption\">Unicode<\/figcaption><\/figure><\/li><li class=\"blocks-gallery-item\"><figure><img loading=\"lazy\" decoding=\"async\" width=\"1024\" height=\"768\" src=\"https:\/\/buergerverein-berendsborn.de\/wp-content\/uploads\/2020\/09\/Berendsborn-Bolzplatz-100903-6-1024x768.jpg\" alt=\"\" data-id=\"567\" data-full-url=\"https:\/\/buergerverein-berendsborn.de\/wp-content\/uploads\/2020\/09\/Berendsborn-Bolzplatz-100903-6.jpg\" data-link=\"https:\/\/buergerverein-berendsborn.de\/?attachment_id=567\" class=\"wp-image-567\" srcset=\"https:\/\/buergerverein-berendsborn.de\/wp-content\/uploads\/2020\/09\/Berendsborn-Bolzplatz-100903-6-1024x768.jpg 1024w, https:\/\/buergerverein-berendsborn.de\/wp-content\/uploads\/2020\/09\/Berendsborn-Bolzplatz-100903-6-300x225.jpg 300w, https:\/\/buergerverein-berendsborn.de\/wp-content\/uploads\/2020\/09\/Berendsborn-Bolzplatz-100903-6-768x576.jpg 768w, https:\/\/buergerverein-berendsborn.de\/wp-content\/uploads\/2020\/09\/Berendsborn-Bolzplatz-100903-6-1536x1152.jpg 1536w, https:\/\/buergerverein-berendsborn.de\/wp-content\/uploads\/2020\/09\/Berendsborn-Bolzplatz-100903-6-960x720.jpg 960w, https:\/\/buergerverein-berendsborn.de\/wp-content\/uploads\/2020\/09\/Berendsborn-Bolzplatz-100903-6.jpg 2048w\" sizes=\"auto, (max-width: 1024px) 100vw, 1024px\" \/><figcaption class=\"blocks-gallery-item__caption\">Unicode<\/figcaption><\/figure><\/li><\/ul><\/figure>\n\n\n\n<p><strong>8. September 2010<\/strong><\/p>\n\n\n\n<p>Der B\u00fcrgerverein lud alle Berendsborner zu zwei B\u00fcrgerstammtischen ein. am 8. September stand B\u00fcrgermeister Dr. Frieden Rede und Antwort zu aktuellen Thema des Stadtteils.<\/p>\n\n\n\n<div class=\"wp-block-image\"><figure class=\"aligncenter size-large\"><img loading=\"lazy\" decoding=\"async\" width=\"1024\" height=\"680\" src=\"https:\/\/buergerverein-berendsborn.de\/wp-content\/uploads\/2020\/09\/1108-Stammtisch-3-1024x680.jpg\" alt=\"\" class=\"wp-image-579\" srcset=\"https:\/\/buergerverein-berendsborn.de\/wp-content\/uploads\/2020\/09\/1108-Stammtisch-3-1024x680.jpg 1024w, https:\/\/buergerverein-berendsborn.de\/wp-content\/uploads\/2020\/09\/1108-Stammtisch-3-300x199.jpg 300w, https:\/\/buergerverein-berendsborn.de\/wp-content\/uploads\/2020\/09\/1108-Stammtisch-3-768x510.jpg 768w, https:\/\/buergerverein-berendsborn.de\/wp-content\/uploads\/2020\/09\/1108-Stammtisch-3-1536x1020.jpg 1536w, https:\/\/buergerverein-berendsborn.de\/wp-content\/uploads\/2020\/09\/1108-Stammtisch-3-2048x1360.jpg 2048w, https:\/\/buergerverein-berendsborn.de\/wp-content\/uploads\/2020\/09\/1108-Stammtisch-3-960x638.jpg 960w\" sizes=\"auto, (max-width: 1024px) 100vw, 1024px\" \/><\/figure><\/div>\n\n\n\n<p><strong>3. November 2010<\/strong><\/p>\n\n\n\n<p>1. Seniorenkaffee in der Weinstube Luy. 35 Seniorinnen und Senioren nahmen teil. K\u00fcnftig will der Verein j\u00e4hrlich zwei Seniorenkaffeenachmittage f\u00fcr Bewohner ab 75 Jahre durchf\u00fchren. Bei Kaffee und Kuchen, Wein und belegten Br\u00f6tchen bietet der Verein Unterhaltung und Spiele an.<\/p>\n\n\n\n<figure class=\"wp-block-gallery aligncenter columns-1 is-cropped wp-block-gallery-3 is-layout-flex wp-block-gallery-is-layout-flex\"><ul class=\"blocks-gallery-grid\"><li class=\"blocks-gallery-item\"><figure><img loading=\"lazy\" decoding=\"async\" width=\"1024\" height=\"680\" src=\"https:\/\/buergerverein-berendsborn.de\/wp-content\/uploads\/2020\/09\/DSC_0006-1024x680.jpg\" alt=\"\" data-id=\"553\" data-full-url=\"https:\/\/buergerverein-berendsborn.de\/wp-content\/uploads\/2020\/09\/DSC_0006.jpg\" data-link=\"https:\/\/buergerverein-berendsborn.de\/?attachment_id=553\" class=\"wp-image-553\" srcset=\"https:\/\/buergerverein-berendsborn.de\/wp-content\/uploads\/2020\/09\/DSC_0006-1024x680.jpg 1024w, https:\/\/buergerverein-berendsborn.de\/wp-content\/uploads\/2020\/09\/DSC_0006-300x199.jpg 300w, https:\/\/buergerverein-berendsborn.de\/wp-content\/uploads\/2020\/09\/DSC_0006-768x510.jpg 768w, https:\/\/buergerverein-berendsborn.de\/wp-content\/uploads\/2020\/09\/DSC_0006-1536x1020.jpg 1536w, https:\/\/buergerverein-berendsborn.de\/wp-content\/uploads\/2020\/09\/DSC_0006-2048x1360.jpg 2048w, https:\/\/buergerverein-berendsborn.de\/wp-content\/uploads\/2020\/09\/DSC_0006-960x638.jpg 960w\" sizes=\"auto, (max-width: 1024px) 100vw, 1024px\" \/><\/figure><\/li><\/ul><\/figure>\n\n\n\n<p><strong>5. Dezember 2010<\/strong><\/p>\n\n\n\n<p>Erstmals veranstaltet der B\u00fcrgerverein ein Nikolausfest auf dem Gel\u00e4nde der Weinstube Luy. Auf einem Traktoranh\u00e4nger fuhr St. Nikolaus auf den Hof und brachte den Kindern Geschenke mit. Damit war eine neue Tradition auf dem Berendsborn geboren. Denn k\u00fcnftig besuchte der heilige Mann allj\u00e4hrlich den B\u00fcrgerverein Berendsborn.<\/p>\n\n\n\n<figure class=\"wp-block-gallery aligncenter columns-3 is-cropped wp-block-gallery-4 is-layout-flex wp-block-gallery-is-layout-flex\"><ul class=\"blocks-gallery-grid\"><li class=\"blocks-gallery-item\"><figure><img loading=\"lazy\" decoding=\"async\" width=\"1024\" height=\"680\" src=\"https:\/\/buergerverein-berendsborn.de\/wp-content\/uploads\/2020\/09\/Nikolaus23-1024x680.jpg\" alt=\"\" data-id=\"556\" data-link=\"https:\/\/buergerverein-berendsborn.de\/?attachment_id=556\" class=\"wp-image-556\" srcset=\"https:\/\/buergerverein-berendsborn.de\/wp-content\/uploads\/2020\/09\/Nikolaus23-1024x680.jpg 1024w, https:\/\/buergerverein-berendsborn.de\/wp-content\/uploads\/2020\/09\/Nikolaus23-300x199.jpg 300w, https:\/\/buergerverein-berendsborn.de\/wp-content\/uploads\/2020\/09\/Nikolaus23-768x510.jpg 768w, https:\/\/buergerverein-berendsborn.de\/wp-content\/uploads\/2020\/09\/Nikolaus23-1536x1020.jpg 1536w, https:\/\/buergerverein-berendsborn.de\/wp-content\/uploads\/2020\/09\/Nikolaus23-2048x1360.jpg 2048w, https:\/\/buergerverein-berendsborn.de\/wp-content\/uploads\/2020\/09\/Nikolaus23-960x638.jpg 960w\" sizes=\"auto, (max-width: 1024px) 100vw, 1024px\" \/><\/figure><\/li><li class=\"blocks-gallery-item\"><figure><img loading=\"lazy\" decoding=\"async\" width=\"1024\" height=\"680\" src=\"https:\/\/buergerverein-berendsborn.de\/wp-content\/uploads\/2020\/09\/Nikolaus6-1024x680.jpg\" alt=\"\" data-id=\"557\" data-link=\"https:\/\/buergerverein-berendsborn.de\/?attachment_id=557\" class=\"wp-image-557\" srcset=\"https:\/\/buergerverein-berendsborn.de\/wp-content\/uploads\/2020\/09\/Nikolaus6-1024x680.jpg 1024w, https:\/\/buergerverein-berendsborn.de\/wp-content\/uploads\/2020\/09\/Nikolaus6-300x199.jpg 300w, https:\/\/buergerverein-berendsborn.de\/wp-content\/uploads\/2020\/09\/Nikolaus6-768x510.jpg 768w, https:\/\/buergerverein-berendsborn.de\/wp-content\/uploads\/2020\/09\/Nikolaus6-1536x1020.jpg 1536w, https:\/\/buergerverein-berendsborn.de\/wp-content\/uploads\/2020\/09\/Nikolaus6-2048x1360.jpg 2048w, https:\/\/buergerverein-berendsborn.de\/wp-content\/uploads\/2020\/09\/Nikolaus6-960x638.jpg 960w\" sizes=\"auto, (max-width: 1024px) 100vw, 1024px\" \/><\/figure><\/li><li class=\"blocks-gallery-item\"><figure><img loading=\"lazy\" decoding=\"async\" width=\"1024\" height=\"680\" src=\"https:\/\/buergerverein-berendsborn.de\/wp-content\/uploads\/2020\/09\/Nikolaus4-1024x680.jpg\" alt=\"\" data-id=\"558\" data-full-url=\"https:\/\/buergerverein-berendsborn.de\/wp-content\/uploads\/2020\/09\/Nikolaus4.jpg\" data-link=\"https:\/\/buergerverein-berendsborn.de\/?attachment_id=558\" class=\"wp-image-558\" srcset=\"https:\/\/buergerverein-berendsborn.de\/wp-content\/uploads\/2020\/09\/Nikolaus4-1024x680.jpg 1024w, https:\/\/buergerverein-berendsborn.de\/wp-content\/uploads\/2020\/09\/Nikolaus4-300x199.jpg 300w, https:\/\/buergerverein-berendsborn.de\/wp-content\/uploads\/2020\/09\/Nikolaus4-768x510.jpg 768w, https:\/\/buergerverein-berendsborn.de\/wp-content\/uploads\/2020\/09\/Nikolaus4-1536x1020.jpg 1536w, https:\/\/buergerverein-berendsborn.de\/wp-content\/uploads\/2020\/09\/Nikolaus4-2048x1360.jpg 2048w, https:\/\/buergerverein-berendsborn.de\/wp-content\/uploads\/2020\/09\/Nikolaus4-960x638.jpg 960w\" sizes=\"auto, (max-width: 1024px) 100vw, 1024px\" \/><\/figure><\/li><li class=\"blocks-gallery-item\"><figure><img loading=\"lazy\" decoding=\"async\" width=\"1024\" height=\"680\" src=\"https:\/\/buergerverein-berendsborn.de\/wp-content\/uploads\/2020\/09\/Nikolaus13-1024x680.jpg\" alt=\"\" data-id=\"555\" data-link=\"https:\/\/buergerverein-berendsborn.de\/?attachment_id=555\" class=\"wp-image-555\" srcset=\"https:\/\/buergerverein-berendsborn.de\/wp-content\/uploads\/2020\/09\/Nikolaus13-1024x680.jpg 1024w, https:\/\/buergerverein-berendsborn.de\/wp-content\/uploads\/2020\/09\/Nikolaus13-300x199.jpg 300w, https:\/\/buergerverein-berendsborn.de\/wp-content\/uploads\/2020\/09\/Nikolaus13-768x510.jpg 768w, https:\/\/buergerverein-berendsborn.de\/wp-content\/uploads\/2020\/09\/Nikolaus13-1536x1020.jpg 1536w, https:\/\/buergerverein-berendsborn.de\/wp-content\/uploads\/2020\/09\/Nikolaus13-2048x1360.jpg 2048w, https:\/\/buergerverein-berendsborn.de\/wp-content\/uploads\/2020\/09\/Nikolaus13-960x638.jpg 960w\" sizes=\"auto, (max-width: 1024px) 100vw, 1024px\" \/><\/figure><\/li><\/ul><\/figure>\n","protected":false},"excerpt":{"rendered":"<p>11. Januar 2010 Engagierte B\u00fcrger des Konzer Stadtteils Berendsborn gr\u00fcnden im Vereinslokal Weinstube Luy einen B\u00fcrgerverein. Sie wollen die Gemeinschaft in ihrem Stadtteil f\u00f6rdern, Freizeitangebote unterst\u00fctzen und das Erscheinungsbild der mittlerweile \u00fcber 70 Jahre alten \u201eSiedlung\u201c aufpeppen. Gro\u00df war das Interesse an der Gr\u00fcndungsveranstaltung des neuen Vereins. Rund 30 B\u00fcrger waren der Einladung des Organisationsteams, <a class=\"read-more\" href=\"https:\/\/buergerverein-berendsborn.de\/?page_id=540\">... weiterlesen <span class=\"meta-nav\">&rarr;<\/span><\/a><\/p>\n","protected":false},"author":3,"featured_media":0,"parent":0,"menu_order":0,"comment_status":"closed","ping_status":"closed","template":"","meta":{"footnotes":""},"class_list":["post-540","page","type-page","status-publish","hentry"],"_links":{"self":[{"href":"https:\/\/buergerverein-berendsborn.de\/index.php?rest_route=\/wp\/v2\/pages\/540","targetHints":{"allow":["GET"]}}],"collection":[{"href":"https:\/\/buergerverein-berendsborn.de\/index.php?rest_route=\/wp\/v2\/pages"}],"about":[{"href":"https:\/\/buergerverein-berendsborn.de\/index.php?rest_route=\/wp\/v2\/types\/page"}],"author":[{"embeddable":true,"href":"https:\/\/buergerverein-berendsborn.de\/index.php?rest_route=\/wp\/v2\/users\/3"}],"replies":[{"embeddable":true,"href":"https:\/\/buergerverein-berendsborn.de\/index.php?rest_route=%2Fwp%2Fv2%2Fcomments&post=540"}],"version-history":[{"count":12,"href":"https:\/\/buergerverein-berendsborn.de\/index.php?rest_route=\/wp\/v2\/pages\/540\/revisions"}],"predecessor-version":[{"id":584,"href":"https:\/\/buergerverein-berendsborn.de\/index.php?rest_route=\/wp\/v2\/pages\/540\/revisions\/584"}],"wp:attachment":[{"href":"https:\/\/buergerverein-berendsborn.de\/index.php?rest_route=%2Fwp%2Fv2%2Fmedia&parent=540"}],"curies":[{"name":"wp","href":"https:\/\/api.w.org\/{rel}","templated":true}]}}