{"id":739,"date":"2023-02-26T14:57:50","date_gmt":"2023-02-26T14:57:50","guid":{"rendered":"https:\/\/buergerverein-berendsborn.de\/?page_id=739"},"modified":"2023-02-26T15:10:11","modified_gmt":"2023-02-26T15:10:11","slug":"2022-2","status":"publish","type":"page","link":"https:\/\/buergerverein-berendsborn.de\/?page_id=739","title":{"rendered":"2022"},"content":{"rendered":"\n<p>Herzlich willkommen auf der Homepage des B\u00fcrgervereins Berendsborn Aktiv e.V. in Konz. Hier finden Sie Informationen \u00fcber unseren Verein sowie \u00fcber seine Aktivit\u00e4ten und Projekte. Viel Spa\u00df.<\/p>\n\n\n\n<div class=\"wp-block-columns is-layout-flex wp-container-core-columns-is-layout-9d6595d7 wp-block-columns-is-layout-flex\">\n<div class=\"wp-block-column is-layout-flow wp-block-column-is-layout-flow\">\n<figure class=\"wp-block-image size-full\"><img loading=\"lazy\" decoding=\"async\" width=\"1024\" height=\"768\" src=\"https:\/\/buergerverein-berendsborn.de\/wp-content\/uploads\/2022\/12\/IMG-20221211-WA0008.jpg\" alt=\"\" class=\"wp-image-733\" srcset=\"https:\/\/buergerverein-berendsborn.de\/wp-content\/uploads\/2022\/12\/IMG-20221211-WA0008.jpg 1024w, https:\/\/buergerverein-berendsborn.de\/wp-content\/uploads\/2022\/12\/IMG-20221211-WA0008-300x225.jpg 300w, https:\/\/buergerverein-berendsborn.de\/wp-content\/uploads\/2022\/12\/IMG-20221211-WA0008-768x576.jpg 768w, https:\/\/buergerverein-berendsborn.de\/wp-content\/uploads\/2022\/12\/IMG-20221211-WA0008-960x720.jpg 960w\" sizes=\"auto, (max-width: 1024px) 100vw, 1024px\" \/><\/figure>\n<\/div>\n\n\n\n<div class=\"wp-block-column is-layout-flow wp-block-column-is-layout-flow\">\n<figure class=\"wp-block-image size-full\"><img loading=\"lazy\" decoding=\"async\" width=\"1024\" height=\"768\" src=\"https:\/\/buergerverein-berendsborn.de\/wp-content\/uploads\/2022\/12\/IMG-20221211-WA0003.jpg\" alt=\"\" class=\"wp-image-732\" srcset=\"https:\/\/buergerverein-berendsborn.de\/wp-content\/uploads\/2022\/12\/IMG-20221211-WA0003.jpg 1024w, https:\/\/buergerverein-berendsborn.de\/wp-content\/uploads\/2022\/12\/IMG-20221211-WA0003-300x225.jpg 300w, https:\/\/buergerverein-berendsborn.de\/wp-content\/uploads\/2022\/12\/IMG-20221211-WA0003-768x576.jpg 768w, https:\/\/buergerverein-berendsborn.de\/wp-content\/uploads\/2022\/12\/IMG-20221211-WA0003-960x720.jpg 960w\" sizes=\"auto, (max-width: 1024px) 100vw, 1024px\" \/><\/figure>\n<\/div>\n<\/div>\n\n\n\n<p>Der Duft von w\u00fcrzigem Gl\u00fchwein, leckeren Waffeln und deftigen W\u00fcrstchen lag in der Luft beim Gl\u00fchweinfest des B\u00fcrgervereins im Hof der Weinstube Luy. Zahlreiche Besucher hatten sich bei bestem Winterwetter eingefunden. Kinder der KiTa St. Helena Roscheid sangen unter ihrer Erzieherin Kristina Esch Weihnachtslieder und hie\u00dfen St. Nikolaus willkommen, der f\u00fcr jedes Kind eine T\u00fcte mit s\u00fc\u00dfen \u00dcberraschungen dabei hatte.<\/p>\n\n\n\n<hr class=\"wp-block-separator has-css-opacity\"\/>\n\n\n\n<figure class=\"wp-block-image size-full\"><img loading=\"lazy\" decoding=\"async\" width=\"1000\" height=\"667\" src=\"https:\/\/buergerverein-berendsborn.de\/wp-content\/uploads\/2022\/09\/Wegweiser-1bV.jpg\" alt=\"\" class=\"wp-image-720\" srcset=\"https:\/\/buergerverein-berendsborn.de\/wp-content\/uploads\/2022\/09\/Wegweiser-1bV.jpg 1000w, https:\/\/buergerverein-berendsborn.de\/wp-content\/uploads\/2022\/09\/Wegweiser-1bV-300x200.jpg 300w, https:\/\/buergerverein-berendsborn.de\/wp-content\/uploads\/2022\/09\/Wegweiser-1bV-768x512.jpg 768w, https:\/\/buergerverein-berendsborn.de\/wp-content\/uploads\/2022\/09\/Wegweiser-1bV-960x640.jpg 960w\" sizes=\"auto, (max-width: 1000px) 100vw, 1000px\" \/><figcaption class=\"wp-element-caption\">Drei neue Verkehrsschilder zeigen den Weg zum Berendsborn.<br>Der B\u00fcrgerverein Berendsborn hatte die Wegweiser in Absprache mit der Verbandsgemeindeverwaltung in Auftrag gegeben. K\u00fcrzlich hatten Mitarbeiter der Verwaltung die Schilder angebracht. Nun zeigen die Schilder mit dem \u201eBerendsborn\u201c-Schriftzug und dem Brunnenlogo an den Einfahrten zu dem Konzer Stadtteil in der Wiltinger Stra\u00dfe und am Aufgang zur Brienon-Br\u00fccke in der Bahnhofstra\u00dfe den Weg zum Berendsborn. \u201eWir wollen damit zum einen unseren Stadtteil bekannter machen und zum anderen auf den historisch bedeutsamen Ort am Brunnen hinweisen,\u201c sagt der Vorsitzende des B\u00fcrgervereins, Raimund Esch. Brunnen und wei\u00dfer Wacken \u2013 ein Monolith, der heute in unmittelbarer N\u00e4he des Brunnens steht - bildeten bereits vor \u00fcber 450 Jahren die Gerichtsgrenze zwischen den \u00c4mtern Pfalzel und Saarburg. Der Bernhardsbrunnen gab dem 1949 gegr\u00fcndeten Stadtteil seinen Namen.<br>&nbsp;<\/figcaption><\/figure>\n\n\n\n<h2 class=\"wp-block-heading\">B\u00fcrgerverein unterst\u00fctzt KiTa-Gartenaktion<\/h2>\n\n\n\n<figure class=\"wp-block-image size-large\"><img loading=\"lazy\" decoding=\"async\" width=\"1024\" height=\"895\" src=\"https:\/\/buergerverein-berendsborn.de\/wp-content\/uploads\/2022\/06\/KiTa-Hochbeet-1024x895.jpg\" alt=\"\" class=\"wp-image-716\" srcset=\"https:\/\/buergerverein-berendsborn.de\/wp-content\/uploads\/2022\/06\/KiTa-Hochbeet-1024x895.jpg 1024w, https:\/\/buergerverein-berendsborn.de\/wp-content\/uploads\/2022\/06\/KiTa-Hochbeet-300x262.jpg 300w, https:\/\/buergerverein-berendsborn.de\/wp-content\/uploads\/2022\/06\/KiTa-Hochbeet-768x671.jpg 768w, https:\/\/buergerverein-berendsborn.de\/wp-content\/uploads\/2022\/06\/KiTa-Hochbeet-960x839.jpg 960w, https:\/\/buergerverein-berendsborn.de\/wp-content\/uploads\/2022\/06\/KiTa-Hochbeet.jpg 1200w\" sizes=\"auto, (max-width: 1024px) 100vw, 1024px\" \/><figcaption class=\"wp-element-caption\">Gro\u00dfe Freude herrscht bei den Kindern und Erziehenden der KiTa Arche Noah im Konzer Stadtteil Berendsborn. Vor einiger Zeit haben sie zusammen mit einigen Eltern ein Hochbeet aufgebaut und bepflanzt. Die Idee zu der Aktion hatte Nabu-Kindergartenbotschafterin Rita Niebling. Jetzt k\u00f6nnen die ersten Kr\u00e4uter geerntet werden. M\u00f6glich wurde die Aktion aufgrund einer Spende des B\u00fcrgervereins Berendsborn. 500 Euro hat der Verein aus dem Erl\u00f6s des letzten Berendsbornfestes an den F\u00f6rderverein der KiTa gespendet, um dieses und weitere Vorhaben zu finanzieren. B\u00fcrgervereins-Vorsitzender Raimund Esch und sein Stellvertreter Karl-Peter Jochem besuchten jetzt die KiTa und lie\u00dfen sich von den Projektverantwortlichen und den Kindern das Hochbeet zeigen. \u201eWir freuen uns sehr \u00fcber diese gro\u00dfz\u00fcgige Spende, mit deren Hilfe wir ein tolles Projekt realisieren konnten\u201c, sagen die Leiterin der KiTa, Sandra Menslage und die Vorsitzende des F\u00f6rdervereins, Anna Sch\u00fctz und beschreiben auch den praktischen Nutzen des Hochbeetes. In der KiTa-K\u00fcche werden die Kr\u00e4uter und Fr\u00fcchte aus dem Hochbeet f\u00fcr die Mittagsmahlzeiten verwendet.<\/figcaption><\/figure>\n\n\n\n<hr class=\"wp-block-separator has-css-opacity\"\/>\n\n\n\n<h2 class=\"wp-block-heading\">Die Berendsborner haben das Feiern nicht verlernt<\/h2>\n\n\n\n<p>Nach zweij\u00e4hriger Pause feierten die Berendsborner am 1. Mai-Wochenende wieder ihr Berendsbornfest. Der B\u00fcrgerverein hatte den Platz am Brunnen f\u00fcr zwei Tage in einen Festplatz verwandelt.<\/p>\n\n\n\n<p>\u201eWir sind wieder da!\u201c So begr\u00fc\u00dfte der stellvertretende Vorsitzende des B\u00fcrgervereins Berendsborn die zahlreichen G\u00e4ste am Samstagnachmittag, 30. April, auf dem zur Feiermeile umgestalteten Bereich am Bernhardsbrunnen. Nach zweij\u00e4hriger Corona-bedingter Zwangspause hatte der Verein wieder zum Berendsbornfest geladen. Bei Live-Musik auf der B\u00fchne, guter Unterhaltung und bestem Wetter str\u00f6mten die G\u00e4ste auf den Platz und sorgten zwei Tage f\u00fcr ausgelassene Stimmung. \u201eDie Menschen wollen wieder feiern und freuen sich, wenn sie wieder mit gut gelaunten Menschen zusammen sein k\u00f6nnen,\u201c sagt Jochem. F\u00fcr die gute Laune hatte der Verein gesorgt. Kristina Esch and family, DJ Bernie Fischer, Eli and friends und die Kindergartenkinder aus Oberemmel unterhielten das Publikum mit Musik und Gesang, die Kinder der KiTa Arche Noah pr\u00e4sentierten ihren Zirkus auf der B\u00fchne. Mit den Einnahmen aus dem Fest finanziert der B\u00fcrgerverein gemeinn\u00fctzige Zwecke im Stadtteil. Karl-Peter Jochem und Vereinsvorsitzender Raimund Esch \u00fcberreichten dem Konzer B\u00fcrgermeister Joachim Weber dazu einen Scheck \u00fcber 2.000 Euro f\u00fcr die Gestaltung verschiedener Verkehrsinseln und Pl\u00e4tze in dem Stadtteil.<\/p>\n\n\n\n<figure class=\"wp-block-gallery has-nested-images columns-default is-cropped wp-block-gallery-1 is-layout-flex wp-block-gallery-is-layout-flex\">\n<figure class=\"wp-block-image size-large\"><img loading=\"lazy\" decoding=\"async\" width=\"635\" height=\"1000\" data-id=\"687\" src=\"https:\/\/buergerverein-berendsborn.de\/wp-content\/uploads\/2022\/05\/Berendsbornfest-2022-15-1.jpg\" alt=\"\" class=\"wp-image-687\" srcset=\"https:\/\/buergerverein-berendsborn.de\/wp-content\/uploads\/2022\/05\/Berendsbornfest-2022-15-1.jpg 635w, https:\/\/buergerverein-berendsborn.de\/wp-content\/uploads\/2022\/05\/Berendsbornfest-2022-15-1-191x300.jpg 191w\" sizes=\"auto, (max-width: 635px) 100vw, 635px\" \/><figcaption class=\"wp-element-caption\">Die gibt\u00b4s nur am Berendsbornfest<\/figcaption><\/figure>\n\n\n\n<figure class=\"wp-block-image size-large\"><img loading=\"lazy\" decoding=\"async\" width=\"667\" height=\"1000\" data-id=\"689\" src=\"https:\/\/buergerverein-berendsborn.de\/wp-content\/uploads\/2022\/05\/Berendsbornfest-2022-2.jpg\" alt=\"\" class=\"wp-image-689\" srcset=\"https:\/\/buergerverein-berendsborn.de\/wp-content\/uploads\/2022\/05\/Berendsbornfest-2022-2.jpg 667w, https:\/\/buergerverein-berendsborn.de\/wp-content\/uploads\/2022\/05\/Berendsbornfest-2022-2-200x300.jpg 200w\" sizes=\"auto, (max-width: 667px) 100vw, 667px\" \/><\/figure>\n\n\n\n<figure class=\"wp-block-image size-large\"><img loading=\"lazy\" decoding=\"async\" width=\"1000\" height=\"667\" data-id=\"690\" src=\"https:\/\/buergerverein-berendsborn.de\/wp-content\/uploads\/2022\/05\/Berendsbornfest-2022-1-1.jpg\" alt=\"\" class=\"wp-image-690\" srcset=\"https:\/\/buergerverein-berendsborn.de\/wp-content\/uploads\/2022\/05\/Berendsbornfest-2022-1-1.jpg 1000w, https:\/\/buergerverein-berendsborn.de\/wp-content\/uploads\/2022\/05\/Berendsbornfest-2022-1-1-300x200.jpg 300w, https:\/\/buergerverein-berendsborn.de\/wp-content\/uploads\/2022\/05\/Berendsbornfest-2022-1-1-768x512.jpg 768w, https:\/\/buergerverein-berendsborn.de\/wp-content\/uploads\/2022\/05\/Berendsbornfest-2022-1-1-960x640.jpg 960w\" sizes=\"auto, (max-width: 1000px) 100vw, 1000px\" \/><\/figure>\n\n\n\n<figure class=\"wp-block-image size-large\"><img loading=\"lazy\" decoding=\"async\" width=\"1000\" height=\"666\" data-id=\"691\" src=\"https:\/\/buergerverein-berendsborn.de\/wp-content\/uploads\/2022\/05\/Berendsbornfest-2022-4.jpg\" alt=\"\" class=\"wp-image-691\" srcset=\"https:\/\/buergerverein-berendsborn.de\/wp-content\/uploads\/2022\/05\/Berendsbornfest-2022-4.jpg 1000w, https:\/\/buergerverein-berendsborn.de\/wp-content\/uploads\/2022\/05\/Berendsbornfest-2022-4-300x200.jpg 300w, https:\/\/buergerverein-berendsborn.de\/wp-content\/uploads\/2022\/05\/Berendsbornfest-2022-4-768x511.jpg 768w, https:\/\/buergerverein-berendsborn.de\/wp-content\/uploads\/2022\/05\/Berendsbornfest-2022-4-960x639.jpg 960w\" sizes=\"auto, (max-width: 1000px) 100vw, 1000px\" \/><figcaption class=\"wp-element-caption\">F\u00fcr die Erneuerung und Bepflanzung von Verkehrsinseln und die Festplatzgestaltung \u00fcberreichte der B\u00fcrgerverein einen Scheck \u00fcber 2000 Euro an B\u00fcrgermeister Joachim Weber.<\/figcaption><\/figure>\n<\/figure>\n\n\n\n<figure class=\"wp-block-gallery has-nested-images columns-default is-cropped wp-block-gallery-2 is-layout-flex wp-block-gallery-is-layout-flex\">\n<figure class=\"wp-block-image size-large\"><img loading=\"lazy\" decoding=\"async\" width=\"1000\" height=\"750\" data-id=\"694\" src=\"https:\/\/buergerverein-berendsborn.de\/wp-content\/uploads\/2022\/05\/Berendsbornfest-2022-5-1.jpg\" alt=\"\" class=\"wp-image-694\" srcset=\"https:\/\/buergerverein-berendsborn.de\/wp-content\/uploads\/2022\/05\/Berendsbornfest-2022-5-1.jpg 1000w, https:\/\/buergerverein-berendsborn.de\/wp-content\/uploads\/2022\/05\/Berendsbornfest-2022-5-1-300x225.jpg 300w, https:\/\/buergerverein-berendsborn.de\/wp-content\/uploads\/2022\/05\/Berendsbornfest-2022-5-1-768x576.jpg 768w, https:\/\/buergerverein-berendsborn.de\/wp-content\/uploads\/2022\/05\/Berendsbornfest-2022-5-1-960x720.jpg 960w\" sizes=\"auto, (max-width: 1000px) 100vw, 1000px\" \/><\/figure>\n\n\n\n<figure class=\"wp-block-image size-large\"><img loading=\"lazy\" decoding=\"async\" width=\"1000\" height=\"750\" data-id=\"696\" src=\"https:\/\/buergerverein-berendsborn.de\/wp-content\/uploads\/2022\/05\/Berendsbornfest-2022-7-1.jpg\" alt=\"\" class=\"wp-image-696\" srcset=\"https:\/\/buergerverein-berendsborn.de\/wp-content\/uploads\/2022\/05\/Berendsbornfest-2022-7-1.jpg 1000w, https:\/\/buergerverein-berendsborn.de\/wp-content\/uploads\/2022\/05\/Berendsbornfest-2022-7-1-300x225.jpg 300w, https:\/\/buergerverein-berendsborn.de\/wp-content\/uploads\/2022\/05\/Berendsbornfest-2022-7-1-768x576.jpg 768w, https:\/\/buergerverein-berendsborn.de\/wp-content\/uploads\/2022\/05\/Berendsbornfest-2022-7-1-960x720.jpg 960w\" sizes=\"auto, (max-width: 1000px) 100vw, 1000px\" \/><\/figure>\n\n\n\n<figure class=\"wp-block-image size-large\"><img loading=\"lazy\" decoding=\"async\" width=\"1000\" height=\"750\" data-id=\"695\" src=\"https:\/\/buergerverein-berendsborn.de\/wp-content\/uploads\/2022\/05\/Berendsbornfest-2022-8.jpg\" alt=\"\" class=\"wp-image-695\" srcset=\"https:\/\/buergerverein-berendsborn.de\/wp-content\/uploads\/2022\/05\/Berendsbornfest-2022-8.jpg 1000w, https:\/\/buergerverein-berendsborn.de\/wp-content\/uploads\/2022\/05\/Berendsbornfest-2022-8-300x225.jpg 300w, https:\/\/buergerverein-berendsborn.de\/wp-content\/uploads\/2022\/05\/Berendsbornfest-2022-8-768x576.jpg 768w, https:\/\/buergerverein-berendsborn.de\/wp-content\/uploads\/2022\/05\/Berendsbornfest-2022-8-960x720.jpg 960w\" sizes=\"auto, (max-width: 1000px) 100vw, 1000px\" \/><\/figure>\n\n\n\n<figure class=\"wp-block-image size-large\"><img loading=\"lazy\" decoding=\"async\" width=\"1000\" height=\"750\" data-id=\"697\" src=\"https:\/\/buergerverein-berendsborn.de\/wp-content\/uploads\/2022\/05\/Berendsbornfest-2022-9.jpg\" alt=\"\" class=\"wp-image-697\" srcset=\"https:\/\/buergerverein-berendsborn.de\/wp-content\/uploads\/2022\/05\/Berendsbornfest-2022-9.jpg 1000w, https:\/\/buergerverein-berendsborn.de\/wp-content\/uploads\/2022\/05\/Berendsbornfest-2022-9-300x225.jpg 300w, https:\/\/buergerverein-berendsborn.de\/wp-content\/uploads\/2022\/05\/Berendsbornfest-2022-9-768x576.jpg 768w, https:\/\/buergerverein-berendsborn.de\/wp-content\/uploads\/2022\/05\/Berendsbornfest-2022-9-960x720.jpg 960w\" sizes=\"auto, (max-width: 1000px) 100vw, 1000px\" \/><\/figure>\n\n\n\n<figure class=\"wp-block-image size-large\"><img loading=\"lazy\" decoding=\"async\" width=\"1000\" height=\"770\" data-id=\"698\" src=\"https:\/\/buergerverein-berendsborn.de\/wp-content\/uploads\/2022\/05\/Berendsbornfest-2022-17-1.jpg\" alt=\"\" class=\"wp-image-698\" srcset=\"https:\/\/buergerverein-berendsborn.de\/wp-content\/uploads\/2022\/05\/Berendsbornfest-2022-17-1.jpg 1000w, https:\/\/buergerverein-berendsborn.de\/wp-content\/uploads\/2022\/05\/Berendsbornfest-2022-17-1-300x231.jpg 300w, https:\/\/buergerverein-berendsborn.de\/wp-content\/uploads\/2022\/05\/Berendsbornfest-2022-17-1-768x591.jpg 768w, https:\/\/buergerverein-berendsborn.de\/wp-content\/uploads\/2022\/05\/Berendsbornfest-2022-17-1-960x739.jpg 960w\" sizes=\"auto, (max-width: 1000px) 100vw, 1000px\" \/><\/figure>\n<\/figure>\n\n\n\n<figure class=\"wp-block-gallery has-nested-images columns-default is-cropped wp-block-gallery-3 is-layout-flex wp-block-gallery-is-layout-flex\">\n<figure class=\"wp-block-image size-large\"><img loading=\"lazy\" decoding=\"async\" width=\"1000\" height=\"484\" data-id=\"700\" src=\"https:\/\/buergerverein-berendsborn.de\/wp-content\/uploads\/2022\/05\/Berendsbornfest-2022-19-1.jpg\" alt=\"\" class=\"wp-image-700\" srcset=\"https:\/\/buergerverein-berendsborn.de\/wp-content\/uploads\/2022\/05\/Berendsbornfest-2022-19-1.jpg 1000w, https:\/\/buergerverein-berendsborn.de\/wp-content\/uploads\/2022\/05\/Berendsbornfest-2022-19-1-300x145.jpg 300w, https:\/\/buergerverein-berendsborn.de\/wp-content\/uploads\/2022\/05\/Berendsbornfest-2022-19-1-768x372.jpg 768w, https:\/\/buergerverein-berendsborn.de\/wp-content\/uploads\/2022\/05\/Berendsbornfest-2022-19-1-960x465.jpg 960w\" sizes=\"auto, (max-width: 1000px) 100vw, 1000px\" \/><\/figure>\n\n\n\n<figure class=\"wp-block-image size-large\"><img loading=\"lazy\" decoding=\"async\" width=\"1000\" height=\"484\" data-id=\"701\" src=\"https:\/\/buergerverein-berendsborn.de\/wp-content\/uploads\/2022\/05\/Berendsbornfest-2022-21.jpg\" alt=\"\" class=\"wp-image-701\" srcset=\"https:\/\/buergerverein-berendsborn.de\/wp-content\/uploads\/2022\/05\/Berendsbornfest-2022-21.jpg 1000w, https:\/\/buergerverein-berendsborn.de\/wp-content\/uploads\/2022\/05\/Berendsbornfest-2022-21-300x145.jpg 300w, https:\/\/buergerverein-berendsborn.de\/wp-content\/uploads\/2022\/05\/Berendsbornfest-2022-21-768x372.jpg 768w, https:\/\/buergerverein-berendsborn.de\/wp-content\/uploads\/2022\/05\/Berendsbornfest-2022-21-960x465.jpg 960w\" sizes=\"auto, (max-width: 1000px) 100vw, 1000px\" \/><\/figure>\n<\/figure>\n\n\n\n<figure class=\"wp-block-gallery has-nested-images columns-default is-cropped wp-block-gallery-4 is-layout-flex wp-block-gallery-is-layout-flex\">\n<figure class=\"wp-block-image size-large\"><img loading=\"lazy\" decoding=\"async\" width=\"1000\" height=\"750\" data-id=\"704\" src=\"https:\/\/buergerverein-berendsborn.de\/wp-content\/uploads\/2022\/05\/Berendsbornfest-2022-12.jpg\" alt=\"\" class=\"wp-image-704\" srcset=\"https:\/\/buergerverein-berendsborn.de\/wp-content\/uploads\/2022\/05\/Berendsbornfest-2022-12.jpg 1000w, https:\/\/buergerverein-berendsborn.de\/wp-content\/uploads\/2022\/05\/Berendsbornfest-2022-12-300x225.jpg 300w, https:\/\/buergerverein-berendsborn.de\/wp-content\/uploads\/2022\/05\/Berendsbornfest-2022-12-768x576.jpg 768w, https:\/\/buergerverein-berendsborn.de\/wp-content\/uploads\/2022\/05\/Berendsbornfest-2022-12-960x720.jpg 960w\" sizes=\"auto, (max-width: 1000px) 100vw, 1000px\" \/><\/figure>\n\n\n\n<figure class=\"wp-block-image size-large\"><img loading=\"lazy\" decoding=\"async\" width=\"1000\" height=\"750\" data-id=\"702\" src=\"https:\/\/buergerverein-berendsborn.de\/wp-content\/uploads\/2022\/05\/Berendsbornfest-2022-13.jpg\" alt=\"\" class=\"wp-image-702\" srcset=\"https:\/\/buergerverein-berendsborn.de\/wp-content\/uploads\/2022\/05\/Berendsbornfest-2022-13.jpg 1000w, https:\/\/buergerverein-berendsborn.de\/wp-content\/uploads\/2022\/05\/Berendsbornfest-2022-13-300x225.jpg 300w, https:\/\/buergerverein-berendsborn.de\/wp-content\/uploads\/2022\/05\/Berendsbornfest-2022-13-768x576.jpg 768w, https:\/\/buergerverein-berendsborn.de\/wp-content\/uploads\/2022\/05\/Berendsbornfest-2022-13-960x720.jpg 960w\" sizes=\"auto, (max-width: 1000px) 100vw, 1000px\" \/><\/figure>\n\n\n\n<figure class=\"wp-block-image size-large\"><img loading=\"lazy\" decoding=\"async\" width=\"1000\" height=\"750\" data-id=\"703\" src=\"https:\/\/buergerverein-berendsborn.de\/wp-content\/uploads\/2022\/05\/Berendsbornfest-2022-14.jpg\" alt=\"\" class=\"wp-image-703\" srcset=\"https:\/\/buergerverein-berendsborn.de\/wp-content\/uploads\/2022\/05\/Berendsbornfest-2022-14.jpg 1000w, https:\/\/buergerverein-berendsborn.de\/wp-content\/uploads\/2022\/05\/Berendsbornfest-2022-14-300x225.jpg 300w, https:\/\/buergerverein-berendsborn.de\/wp-content\/uploads\/2022\/05\/Berendsbornfest-2022-14-768x576.jpg 768w, https:\/\/buergerverein-berendsborn.de\/wp-content\/uploads\/2022\/05\/Berendsbornfest-2022-14-960x720.jpg 960w\" sizes=\"auto, (max-width: 1000px) 100vw, 1000px\" \/><\/figure>\n\n\n\n<figure class=\"wp-block-image size-large\"><img loading=\"lazy\" decoding=\"async\" width=\"1000\" height=\"750\" data-id=\"705\" src=\"https:\/\/buergerverein-berendsborn.de\/wp-content\/uploads\/2022\/05\/Berendsbornfest-2022-10.jpg\" alt=\"\" class=\"wp-image-705\" srcset=\"https:\/\/buergerverein-berendsborn.de\/wp-content\/uploads\/2022\/05\/Berendsbornfest-2022-10.jpg 1000w, https:\/\/buergerverein-berendsborn.de\/wp-content\/uploads\/2022\/05\/Berendsbornfest-2022-10-300x225.jpg 300w, https:\/\/buergerverein-berendsborn.de\/wp-content\/uploads\/2022\/05\/Berendsbornfest-2022-10-768x576.jpg 768w, https:\/\/buergerverein-berendsborn.de\/wp-content\/uploads\/2022\/05\/Berendsbornfest-2022-10-960x720.jpg 960w\" sizes=\"auto, (max-width: 1000px) 100vw, 1000px\" \/><\/figure>\n\n\n\n<figure class=\"wp-block-image size-large\"><img loading=\"lazy\" decoding=\"async\" width=\"1000\" height=\"750\" data-id=\"706\" src=\"https:\/\/buergerverein-berendsborn.de\/wp-content\/uploads\/2022\/05\/Berendsbornfest-2022-11.jpg\" alt=\"\" class=\"wp-image-706\" srcset=\"https:\/\/buergerverein-berendsborn.de\/wp-content\/uploads\/2022\/05\/Berendsbornfest-2022-11.jpg 1000w, https:\/\/buergerverein-berendsborn.de\/wp-content\/uploads\/2022\/05\/Berendsbornfest-2022-11-300x225.jpg 300w, https:\/\/buergerverein-berendsborn.de\/wp-content\/uploads\/2022\/05\/Berendsbornfest-2022-11-768x576.jpg 768w, https:\/\/buergerverein-berendsborn.de\/wp-content\/uploads\/2022\/05\/Berendsbornfest-2022-11-960x720.jpg 960w\" sizes=\"auto, (max-width: 1000px) 100vw, 1000px\" \/><\/figure>\n<\/figure>\n\n\n\n<hr class=\"wp-block-separator has-css-opacity\"\/>\n\n\n\n<figure class=\"wp-block-image size-large\"><img loading=\"lazy\" decoding=\"async\" width=\"1024\" height=\"706\" src=\"https:\/\/buergerverein-berendsborn.de\/wp-content\/uploads\/2022\/04\/Flyer-Berendsbornfest-2022-1-1024x706.jpg\" alt=\"\" class=\"wp-image-673\" srcset=\"https:\/\/buergerverein-berendsborn.de\/wp-content\/uploads\/2022\/04\/Flyer-Berendsbornfest-2022-1-1024x706.jpg 1024w, https:\/\/buergerverein-berendsborn.de\/wp-content\/uploads\/2022\/04\/Flyer-Berendsbornfest-2022-1-300x207.jpg 300w, https:\/\/buergerverein-berendsborn.de\/wp-content\/uploads\/2022\/04\/Flyer-Berendsbornfest-2022-1-768x529.jpg 768w, https:\/\/buergerverein-berendsborn.de\/wp-content\/uploads\/2022\/04\/Flyer-Berendsbornfest-2022-1-960x662.jpg 960w, https:\/\/buergerverein-berendsborn.de\/wp-content\/uploads\/2022\/04\/Flyer-Berendsbornfest-2022-1.jpg 1191w\" sizes=\"auto, (max-width: 1024px) 100vw, 1024px\" \/><\/figure>\n\n\n\n<hr class=\"wp-block-separator has-css-opacity\"\/>\n\n\n\n<figure class=\"wp-block-image size-large\"><img loading=\"lazy\" decoding=\"async\" width=\"1024\" height=\"706\" src=\"https:\/\/buergerverein-berendsborn.de\/wp-content\/uploads\/2022\/04\/Flyer-Berendsbornfest-2022-2-1024x706.jpg\" alt=\"\" class=\"wp-image-675\" srcset=\"https:\/\/buergerverein-berendsborn.de\/wp-content\/uploads\/2022\/04\/Flyer-Berendsbornfest-2022-2-1024x706.jpg 1024w, https:\/\/buergerverein-berendsborn.de\/wp-content\/uploads\/2022\/04\/Flyer-Berendsbornfest-2022-2-300x207.jpg 300w, https:\/\/buergerverein-berendsborn.de\/wp-content\/uploads\/2022\/04\/Flyer-Berendsbornfest-2022-2-768x529.jpg 768w, https:\/\/buergerverein-berendsborn.de\/wp-content\/uploads\/2022\/04\/Flyer-Berendsbornfest-2022-2-960x662.jpg 960w, https:\/\/buergerverein-berendsborn.de\/wp-content\/uploads\/2022\/04\/Flyer-Berendsbornfest-2022-2.jpg 1191w\" sizes=\"auto, (max-width: 1024px) 100vw, 1024px\" \/><\/figure>\n\n\n\n<hr class=\"wp-block-separator has-css-opacity\"\/>\n\n\n<div class=\"wp-block-image\">\n<figure class=\"aligncenter size-large\"><img loading=\"lazy\" decoding=\"async\" width=\"714\" height=\"1024\" src=\"https:\/\/buergerverein-berendsborn.de\/wp-content\/uploads\/2022\/04\/Einleger-Berendsbornfest-2022-714x1024.jpg\" alt=\"\" class=\"wp-image-677\" srcset=\"https:\/\/buergerverein-berendsborn.de\/wp-content\/uploads\/2022\/04\/Einleger-Berendsbornfest-2022-714x1024.jpg 714w, https:\/\/buergerverein-berendsborn.de\/wp-content\/uploads\/2022\/04\/Einleger-Berendsbornfest-2022-209x300.jpg 209w, https:\/\/buergerverein-berendsborn.de\/wp-content\/uploads\/2022\/04\/Einleger-Berendsbornfest-2022.jpg 740w\" sizes=\"auto, (max-width: 714px) 100vw, 714px\" \/><\/figure>\n<\/div>\n\n\n<hr class=\"wp-block-separator has-css-opacity\"\/>\n\n\n\n<figure class=\"wp-block-image size-full\"><img loading=\"lazy\" decoding=\"async\" width=\"1024\" height=\"768\" src=\"https:\/\/buergerverein-berendsborn.de\/wp-content\/uploads\/2022\/05\/Vorstand-2022_1.jpg\" alt=\"\" class=\"wp-image-711\" srcset=\"https:\/\/buergerverein-berendsborn.de\/wp-content\/uploads\/2022\/05\/Vorstand-2022_1.jpg 1024w, https:\/\/buergerverein-berendsborn.de\/wp-content\/uploads\/2022\/05\/Vorstand-2022_1-300x225.jpg 300w, https:\/\/buergerverein-berendsborn.de\/wp-content\/uploads\/2022\/05\/Vorstand-2022_1-768x576.jpg 768w, https:\/\/buergerverein-berendsborn.de\/wp-content\/uploads\/2022\/05\/Vorstand-2022_1-960x720.jpg 960w\" sizes=\"auto, (max-width: 1024px) 100vw, 1024px\" \/><figcaption class=\"wp-element-caption\">Am 11. April w\u00e4hlten die Mitglieder einen neuen Vorstand: von links Nicole Dillschneider (stv. Schriftf\u00fchrerin), Silvia Schwankl (stv. Kassiererin), Claudine Peifer (Schriftf\u00fchrerin), Raimund Esch (Vorsitzender), Karl-Peter Jochem (stv. Vorsitzender), Kerstin Wacht (Kassiererin) und Hans-Peter Haag (Beisitzer)<\/figcaption><\/figure>\n\n\n\n<h2 class=\"alignwide wp-block-heading\" id=\"we-re-a-studio-in-berlin-with-an-international-practice-in-architecture-urban-planning-and-interior-design-we-believe-in-sharing-knowledge-and-promoting-dialogue-to-increase-the-creative-potential-of-collaboration\" style=\"font-size:48px;line-height:1.1\">Dreck-weg-Tag<\/h2>\n\n\n\n<figure class=\"wp-block-gallery has-nested-images columns-default is-cropped wp-block-gallery-5 is-layout-flex wp-block-gallery-is-layout-flex\">\n<figure class=\"wp-block-image size-large\"><img loading=\"lazy\" decoding=\"async\" width=\"1024\" height=\"768\" data-id=\"658\" src=\"https:\/\/buergerverein-berendsborn.de\/wp-content\/uploads\/2022\/04\/Dreck-weg-Tag2022.jpg\" alt=\"\" class=\"wp-image-658\" srcset=\"https:\/\/buergerverein-berendsborn.de\/wp-content\/uploads\/2022\/04\/Dreck-weg-Tag2022.jpg 1024w, https:\/\/buergerverein-berendsborn.de\/wp-content\/uploads\/2022\/04\/Dreck-weg-Tag2022-300x225.jpg 300w, https:\/\/buergerverein-berendsborn.de\/wp-content\/uploads\/2022\/04\/Dreck-weg-Tag2022-768x576.jpg 768w, https:\/\/buergerverein-berendsborn.de\/wp-content\/uploads\/2022\/04\/Dreck-weg-Tag2022-960x720.jpg 960w\" sizes=\"auto, (max-width: 1024px) 100vw, 1024px\" \/><\/figure>\n\n\n\n<figure class=\"wp-block-image size-large\"><img loading=\"lazy\" decoding=\"async\" width=\"1024\" height=\"768\" data-id=\"660\" src=\"https:\/\/buergerverein-berendsborn.de\/wp-content\/uploads\/2022\/04\/IMG-20220326-WA0004.jpg\" alt=\"\" class=\"wp-image-660\" srcset=\"https:\/\/buergerverein-berendsborn.de\/wp-content\/uploads\/2022\/04\/IMG-20220326-WA0004.jpg 1024w, https:\/\/buergerverein-berendsborn.de\/wp-content\/uploads\/2022\/04\/IMG-20220326-WA0004-300x225.jpg 300w, https:\/\/buergerverein-berendsborn.de\/wp-content\/uploads\/2022\/04\/IMG-20220326-WA0004-768x576.jpg 768w, https:\/\/buergerverein-berendsborn.de\/wp-content\/uploads\/2022\/04\/IMG-20220326-WA0004-960x720.jpg 960w\" sizes=\"auto, (max-width: 1024px) 100vw, 1024px\" \/><\/figure>\n\n\n\n<figure class=\"wp-block-image size-large\"><img loading=\"lazy\" decoding=\"async\" width=\"1024\" height=\"768\" data-id=\"661\" src=\"https:\/\/buergerverein-berendsborn.de\/wp-content\/uploads\/2022\/04\/IMG-20220326-WA0006.jpg\" alt=\"\" class=\"wp-image-661\" srcset=\"https:\/\/buergerverein-berendsborn.de\/wp-content\/uploads\/2022\/04\/IMG-20220326-WA0006.jpg 1024w, https:\/\/buergerverein-berendsborn.de\/wp-content\/uploads\/2022\/04\/IMG-20220326-WA0006-300x225.jpg 300w, https:\/\/buergerverein-berendsborn.de\/wp-content\/uploads\/2022\/04\/IMG-20220326-WA0006-768x576.jpg 768w, https:\/\/buergerverein-berendsborn.de\/wp-content\/uploads\/2022\/04\/IMG-20220326-WA0006-960x720.jpg 960w\" sizes=\"auto, (max-width: 1024px) 100vw, 1024px\" \/><\/figure>\n<figcaption class=\"blocks-gallery-caption wp-element-caption\">Gut zwei Dutzend M\u00e4nner, Frauen und Kinder hatten sich beim Dreck-weg-Tag am 26. M\u00e4rz mit Eimern und T\u00fcten ausgestattet aufgemacht, um den Stadtteil aufzur\u00e4umen und von Dreck zu befreien. Anschlie\u00dfend wartete ein Imbiss auf die flei\u00dfigen Helferinnen und Helfer. <\/figcaption><\/figure>\n\n\n\n<hr class=\"wp-block-separator has-css-opacity\"\/>\n\n\n\n<p>Nachdem wir wegen der Corona-Pandemie und den damit einhergehenden Einschr\u00e4nkungen fast zwei Jahre keine Veranstaltungen mehr durchf\u00fchren konnten wollen wir in diesem Jahr wieder zu unseren gewohnten Aktivit\u00e4ten zur\u00fcckkehren. Wir planen einen <strong>Seniorenkaffeenachmittag<\/strong> m\u00f6glichst noch im April. Das <strong>Berendsbornfest<\/strong> soll in diesem Jahr wieder wie gewohnt stattfinden. Und am 11. April laden wir zur <strong>Mitgliederversammlung<\/strong> ein. Starten wollen wir mit einem Dreck-weg-Tag.<\/p>\n\n\n\n<p><\/p>\n","protected":false},"excerpt":{"rendered":"<p>Herzlich willkommen auf der Homepage des B\u00fcrgervereins Berendsborn Aktiv e.V. in Konz. Hier finden Sie Informationen \u00fcber unseren Verein sowie \u00fcber seine Aktivit\u00e4ten und Projekte. Viel Spa\u00df. Der Duft von w\u00fcrzigem Gl\u00fchwein, leckeren Waffeln und deftigen W\u00fcrstchen lag in der Luft beim Gl\u00fchweinfest des B\u00fcrgervereins im Hof der Weinstube Luy. Zahlreiche Besucher hatten sich bei <a class=\"read-more\" href=\"https:\/\/buergerverein-berendsborn.de\/?page_id=739\">... weiterlesen <span class=\"meta-nav\">&rarr;<\/span><\/a><\/p>\n","protected":false},"author":3,"featured_media":0,"parent":0,"menu_order":0,"comment_status":"closed","ping_status":"closed","template":"","meta":{"footnotes":""},"class_list":["post-739","page","type-page","status-publish","hentry"],"_links":{"self":[{"href":"https:\/\/buergerverein-berendsborn.de\/index.php?rest_route=\/wp\/v2\/pages\/739","targetHints":{"allow":["GET"]}}],"collection":[{"href":"https:\/\/buergerverein-berendsborn.de\/index.php?rest_route=\/wp\/v2\/pages"}],"about":[{"href":"https:\/\/buergerverein-berendsborn.de\/index.php?rest_route=\/wp\/v2\/types\/page"}],"author":[{"embeddable":true,"href":"https:\/\/buergerverein-berendsborn.de\/index.php?rest_route=\/wp\/v2\/users\/3"}],"replies":[{"embeddable":true,"href":"https:\/\/buergerverein-berendsborn.de\/index.php?rest_route=%2Fwp%2Fv2%2Fcomments&post=739"}],"version-history":[{"count":2,"href":"https:\/\/buergerverein-berendsborn.de\/index.php?rest_route=\/wp\/v2\/pages\/739\/revisions"}],"predecessor-version":[{"id":743,"href":"https:\/\/buergerverein-berendsborn.de\/index.php?rest_route=\/wp\/v2\/pages\/739\/revisions\/743"}],"wp:attachment":[{"href":"https:\/\/buergerverein-berendsborn.de\/index.php?rest_route=%2Fwp%2Fv2%2Fmedia&parent=739"}],"curies":[{"name":"wp","href":"https:\/\/api.w.org\/{rel}","templated":true}]}}